{"id":2657,"date":"2018-08-06T09:50:53","date_gmt":"2018-08-06T08:50:53","guid":{"rendered":"https:\/\/www.cf-romandie.ch\/ncfrom\/a-lire-a-telecharger\/articles-divers-copy"},"modified":"2021-11-10T16:07:02","modified_gmt":"2021-11-10T15:07:02","slug":"articles_handi","status":"publish","type":"page","link":"https:\/\/www.cf-romandie.ch\/ncfrom\/communication_pers_sans_langage\/articles_handi","title":{"rendered":"Articles"},"content":{"rendered":"\t\t<div data-elementor-type=\"wp-page\" data-elementor-id=\"2657\" class=\"elementor elementor-2657\" data-elementor-post-type=\"page\">\n\t\t\t\t\t\t<section class=\"elementor-section elementor-top-section elementor-element elementor-element-4cd518e elementor-section-boxed elementor-section-height-default elementor-section-height-default\" data-id=\"4cd518e\" data-element_type=\"section\" data-e-type=\"section\" data-settings=\"{&quot;background_background&quot;:&quot;classic&quot;}\">\n\t\t\t\t\t\t<div class=\"elementor-container elementor-column-gap-default\">\n\t\t\t\t\t<div class=\"elementor-column elementor-col-100 elementor-top-column elementor-element elementor-element-5e1ef86\" data-id=\"5e1ef86\" data-element_type=\"column\" data-e-type=\"column\">\n\t\t\t<div class=\"elementor-widget-wrap elementor-element-populated\">\n\t\t\t\t\t\t<section class=\"elementor-section elementor-inner-section elementor-element elementor-element-659a925 elementor-section-height-min-height elementor-section-boxed elementor-section-height-default\" data-id=\"659a925\" data-element_type=\"section\" data-e-type=\"section\">\n\t\t\t\t\t\t<div class=\"elementor-container elementor-column-gap-default\">\n\t\t\t\t\t<div class=\"elementor-column elementor-col-50 elementor-inner-column elementor-element elementor-element-1d7f867\" data-id=\"1d7f867\" data-element_type=\"column\" data-e-type=\"column\">\n\t\t\t<div class=\"elementor-widget-wrap elementor-element-populated\">\n\t\t\t\t\t\t<div class=\"elementor-element elementor-element-e39c614 elementor-widget elementor-widget-heading\" data-id=\"e39c614\" data-element_type=\"widget\" data-e-type=\"widget\" data-widget_type=\"heading.default\">\n\t\t\t\t<div class=\"elementor-widget-container\">\n\t\t\t\t\t<h4 class=\"elementor-heading-title elementor-size-default\">Articles<\/h4>\t\t\t\t<\/div>\n\t\t\t\t<\/div>\n\t\t\t\t\t<\/div>\n\t\t<\/div>\n\t\t\t\t<div class=\"elementor-column elementor-col-50 elementor-inner-column elementor-element elementor-element-1161796\" data-id=\"1161796\" data-element_type=\"column\" data-e-type=\"column\">\n\t\t\t<div class=\"elementor-widget-wrap elementor-element-populated\">\n\t\t\t\t\t\t<div class=\"elementor-element elementor-element-66d30a5 elementor-widget elementor-widget-raven-search-form\" data-id=\"66d30a5\" data-element_type=\"widget\" data-e-type=\"widget\" data-settings=\"{&quot;_skin&quot;:&quot;classic&quot;}\" data-widget_type=\"raven-search-form.classic\">\n\t\t\t\t<div class=\"elementor-widget-container\">\n\t\t\t\t\t\t\t<form class=\"raven-search-form raven-search-form-classic\" method=\"get\" action=\"https:\/\/www.cf-romandie.ch\/ncfrom\/\" role=\"search\">\n\t\t\t<div class=\"raven-search-form-container\">\n\t\t\t\t<div class=\"raven-search-form-inner\">\n\t\t\t\t\t<label class=\"elementor-screen-only\" for=\"raven-search-form-input\">Search<\/label>\n\t\t\t\t\t<input id=\"raven-search-form-input\" class=\"raven-search-form-input\" type=\"search\" name=\"s\" placeholder=\"Rechercher...\" \/>\n\t\t\t\t\t\t\t\t\t\t\t\t\t\t\t\t\t\t<button class=\"raven-search-form-button raven-search-form-button-svg\" type=\"submit\" aria-label=\"Search\">\n\t\t\t\t\t\t\t\t\t<i class=\"fas fa-search\"><\/i>\t\t\t\t\t\t\t\t<\/button>\n\t\t\t\t\t\t\t\t\t\t\t\t\t\t\t\t\t<\/div>\n\t\t\t<\/div>\n\t\t<\/form>\n\t\t\t\t\t\t<\/div>\n\t\t\t\t<\/div>\n\t\t\t\t\t<\/div>\n\t\t<\/div>\n\t\t\t\t\t<\/div>\n\t\t<\/section>\n\t\t\t\t\t<\/div>\n\t\t<\/div>\n\t\t\t\t\t<\/div>\n\t\t<\/section>\n\t\t\t\t<section class=\"elementor-section elementor-top-section elementor-element elementor-element-69cd2bb elementor-section-full_width elementor-section-height-default elementor-section-height-default\" data-id=\"69cd2bb\" data-element_type=\"section\" data-e-type=\"section\" data-settings=\"{&quot;background_background&quot;:&quot;classic&quot;}\">\n\t\t\t\t\t\t<div class=\"elementor-container elementor-column-gap-default\">\n\t\t\t\t\t<div class=\"elementor-column elementor-col-100 elementor-top-column elementor-element elementor-element-18096e4\" data-id=\"18096e4\" data-element_type=\"column\" data-e-type=\"column\">\n\t\t\t<div class=\"elementor-widget-wrap elementor-element-populated\">\n\t\t\t\t\t\t<section class=\"elementor-section elementor-inner-section elementor-element elementor-element-8130d65 elementor-section-boxed elementor-section-height-default elementor-section-height-default\" data-id=\"8130d65\" data-element_type=\"section\" data-e-type=\"section\">\n\t\t\t\t\t\t<div class=\"elementor-container elementor-column-gap-default\">\n\t\t\t\t\t<div class=\"elementor-column elementor-col-100 elementor-inner-column elementor-element elementor-element-499d992\" data-id=\"499d992\" data-element_type=\"column\" data-e-type=\"column\">\n\t\t\t<div class=\"elementor-widget-wrap elementor-element-populated\">\n\t\t\t\t\t\t<div class=\"elementor-element elementor-element-f19d27e elementor-align-center elementor-widget elementor-widget-raven-breadcrumbs\" data-id=\"f19d27e\" data-element_type=\"widget\" data-e-type=\"widget\" data-widget_type=\"raven-breadcrumbs.default\">\n\t\t\t\t<div class=\"elementor-widget-container\">\n\t\t\t\t\t<div class=\"raven-breadcrumbs raven-breadcrumbs-default\"><div class=\"breadcrumb\">\t\t\t\t\t\t\t\t<div class=\"breadcrumb-item active\" aria-current=\"page\"><span>Home<\/span><\/div>\n\n\t\t\t\t<\/div><\/div>\t\t\t\t<\/div>\n\t\t\t\t<\/div>\n\t\t\t\t\t<\/div>\n\t\t<\/div>\n\t\t\t\t\t<\/div>\n\t\t<\/section>\n\t\t\t\t<div class=\"elementor-element elementor-element-1b03fc5 elementor-nav-menu--dropdown-tablet elementor-nav-menu__text-align-aside elementor-nav-menu--toggle elementor-nav-menu--burger elementor-widget elementor-widget-nav-menu\" data-id=\"1b03fc5\" data-element_type=\"widget\" data-e-type=\"widget\" data-settings=\"{&quot;layout&quot;:&quot;horizontal&quot;,&quot;submenu_icon&quot;:{&quot;value&quot;:&quot;&lt;i class=\\&quot;fas fa-caret-down\\&quot; aria-hidden=\\&quot;true\\&quot;&gt;&lt;\\\/i&gt;&quot;,&quot;library&quot;:&quot;fa-solid&quot;},&quot;toggle&quot;:&quot;burger&quot;}\" data-widget_type=\"nav-menu.default\">\n\t\t\t\t<div class=\"elementor-widget-container\">\n\t\t\t\t\t\t\t\t<nav aria-label=\"Menu\" class=\"elementor-nav-menu--main elementor-nav-menu__container elementor-nav-menu--layout-horizontal e--pointer-none\">\n\t\t\t\t<ul id=\"menu-1-1b03fc5\" class=\"elementor-nav-menu\"><li class=\"menu-item menu-item-type-post_type menu-item-object-page menu-item-9575\"><a href=\"https:\/\/www.cf-romandie.ch\/ncfrom\/communication_pers_sans_langage\" class=\"elementor-item\">Communication et handicap de parole<\/a><\/li>\n<li class=\"menu-item menu-item-type-post_type menu-item-object-page menu-item-2587\"><a href=\"https:\/\/www.cf-romandie.ch\/ncfrom\/communication_pers_sans_langage\/population_concernee_pers_sans_langage\" class=\"elementor-item\">Personnes concern\u00e9es<\/a><\/li>\n<li class=\"menu-item menu-item-type-post_type menu-item-object-page menu-item-2590\"><a href=\"https:\/\/www.cf-romandie.ch\/ncfrom\/communication_pers_sans_langage\/seance_pratique_pers_sans_langage\" class=\"elementor-item\">Une s\u00e9ance en pratique<\/a><\/li>\n<li class=\"menu-item menu-item-type-post_type menu-item-object-page menu-item-2591\"><a href=\"https:\/\/www.cf-romandie.ch\/ncfrom\/communication_pers_sans_langage\/temoignages_pers_sans_langage\" class=\"elementor-item\">T\u00e9moignages<\/a><\/li>\n<li class=\"menu-item menu-item-type-post_type menu-item-object-page menu-item-2692\"><a href=\"https:\/\/www.cf-romandie.ch\/ncfrom\/communication_pers_sans_langage\/journal-fleur-de-parole\" class=\"elementor-item\">Journal<\/a><\/li>\n<li class=\"menu-item menu-item-type-post_type menu-item-object-page menu-item-2689\"><a href=\"https:\/\/www.cf-romandie.ch\/ncfrom\/communication_pers_sans_langage\/bibliographie_handi\" class=\"elementor-item\">Bibliographie<\/a><\/li>\n<li class=\"menu-item menu-item-type-post_type menu-item-object-page menu-item-2691\"><a href=\"https:\/\/www.cf-romandie.ch\/ncfrom\/communication_pers_sans_langage\/articles_handi\" class=\"elementor-item\">Articles<\/a><\/li>\n<li class=\"menu-item menu-item-type-post_type menu-item-object-page menu-item-2690\"><a href=\"https:\/\/www.cf-romandie.ch\/ncfrom\/communication_pers_sans_langage\/conferences_handi\" class=\"elementor-item\">Conf\u00e9rences<\/a><\/li>\n<li class=\"menu-item menu-item-type-post_type menu-item-object-page menu-item-2688\"><a href=\"https:\/\/www.cf-romandie.ch\/ncfrom\/communication_pers_sans_langage\/tables_rondes\" class=\"elementor-item\">Tables rondes<\/a><\/li>\n<li class=\"menu-item menu-item-type-post_type menu-item-object-page menu-item-2816\"><a href=\"https:\/\/www.cf-romandie.ch\/ncfrom\/communication_pers_sans_langage\/documents-multimedias\" class=\"elementor-item\">Multim\u00e9dia<\/a><\/li>\n<li class=\"menu-item menu-item-type-post_type menu-item-object-page menu-item-2889\"><a href=\"https:\/\/www.cf-romandie.ch\/ncfrom\/communication_pers_sans_langage\/foire-aux-questions\" class=\"elementor-item\">Foire aux questions<\/a><\/li>\n<li class=\"menu-item menu-item-type-post_type menu-item-object-page menu-item-2586\"><a href=\"https:\/\/www.cf-romandie.ch\/ncfrom\/communication_pers_sans_langage\/telechargement_pers_sans_langage\" class=\"elementor-item\">T\u00e9l\u00e9chargement<\/a><\/li>\n<\/ul>\t\t\t<\/nav>\n\t\t\t\t\t<div class=\"elementor-menu-toggle\" role=\"button\" tabindex=\"0\" aria-label=\"Permuter le menu\" aria-expanded=\"false\">\n\t\t\t<i aria-hidden=\"true\" role=\"presentation\" class=\"elementor-menu-toggle__icon--open eicon-menu-bar\"><\/i><i aria-hidden=\"true\" role=\"presentation\" class=\"elementor-menu-toggle__icon--close eicon-close\"><\/i>\t\t<\/div>\n\t\t\t\t\t<nav class=\"elementor-nav-menu--dropdown elementor-nav-menu__container\" aria-hidden=\"true\">\n\t\t\t\t<ul id=\"menu-2-1b03fc5\" class=\"elementor-nav-menu\"><li class=\"menu-item menu-item-type-post_type menu-item-object-page menu-item-9575\"><a href=\"https:\/\/www.cf-romandie.ch\/ncfrom\/communication_pers_sans_langage\" class=\"elementor-item\" tabindex=\"-1\">Communication et handicap de parole<\/a><\/li>\n<li class=\"menu-item menu-item-type-post_type menu-item-object-page menu-item-2587\"><a href=\"https:\/\/www.cf-romandie.ch\/ncfrom\/communication_pers_sans_langage\/population_concernee_pers_sans_langage\" class=\"elementor-item\" tabindex=\"-1\">Personnes concern\u00e9es<\/a><\/li>\n<li class=\"menu-item menu-item-type-post_type menu-item-object-page menu-item-2590\"><a href=\"https:\/\/www.cf-romandie.ch\/ncfrom\/communication_pers_sans_langage\/seance_pratique_pers_sans_langage\" class=\"elementor-item\" tabindex=\"-1\">Une s\u00e9ance en pratique<\/a><\/li>\n<li class=\"menu-item menu-item-type-post_type menu-item-object-page menu-item-2591\"><a href=\"https:\/\/www.cf-romandie.ch\/ncfrom\/communication_pers_sans_langage\/temoignages_pers_sans_langage\" class=\"elementor-item\" tabindex=\"-1\">T\u00e9moignages<\/a><\/li>\n<li class=\"menu-item menu-item-type-post_type menu-item-object-page menu-item-2692\"><a href=\"https:\/\/www.cf-romandie.ch\/ncfrom\/communication_pers_sans_langage\/journal-fleur-de-parole\" class=\"elementor-item\" tabindex=\"-1\">Journal<\/a><\/li>\n<li class=\"menu-item menu-item-type-post_type menu-item-object-page menu-item-2689\"><a href=\"https:\/\/www.cf-romandie.ch\/ncfrom\/communication_pers_sans_langage\/bibliographie_handi\" class=\"elementor-item\" tabindex=\"-1\">Bibliographie<\/a><\/li>\n<li class=\"menu-item menu-item-type-post_type menu-item-object-page menu-item-2691\"><a href=\"https:\/\/www.cf-romandie.ch\/ncfrom\/communication_pers_sans_langage\/articles_handi\" class=\"elementor-item\" tabindex=\"-1\">Articles<\/a><\/li>\n<li class=\"menu-item menu-item-type-post_type menu-item-object-page menu-item-2690\"><a href=\"https:\/\/www.cf-romandie.ch\/ncfrom\/communication_pers_sans_langage\/conferences_handi\" class=\"elementor-item\" tabindex=\"-1\">Conf\u00e9rences<\/a><\/li>\n<li class=\"menu-item menu-item-type-post_type menu-item-object-page menu-item-2688\"><a href=\"https:\/\/www.cf-romandie.ch\/ncfrom\/communication_pers_sans_langage\/tables_rondes\" class=\"elementor-item\" tabindex=\"-1\">Tables rondes<\/a><\/li>\n<li class=\"menu-item menu-item-type-post_type menu-item-object-page menu-item-2816\"><a href=\"https:\/\/www.cf-romandie.ch\/ncfrom\/communication_pers_sans_langage\/documents-multimedias\" class=\"elementor-item\" tabindex=\"-1\">Multim\u00e9dia<\/a><\/li>\n<li class=\"menu-item menu-item-type-post_type menu-item-object-page menu-item-2889\"><a href=\"https:\/\/www.cf-romandie.ch\/ncfrom\/communication_pers_sans_langage\/foire-aux-questions\" class=\"elementor-item\" tabindex=\"-1\">Foire aux questions<\/a><\/li>\n<li class=\"menu-item menu-item-type-post_type menu-item-object-page menu-item-2586\"><a href=\"https:\/\/www.cf-romandie.ch\/ncfrom\/communication_pers_sans_langage\/telechargement_pers_sans_langage\" class=\"elementor-item\" tabindex=\"-1\">T\u00e9l\u00e9chargement<\/a><\/li>\n<\/ul>\t\t\t<\/nav>\n\t\t\t\t\t\t<\/div>\n\t\t\t\t<\/div>\n\t\t\t\t\t<\/div>\n\t\t<\/div>\n\t\t\t\t\t<\/div>\n\t\t<\/section>\n\t\t\t\t<section class=\"elementor-section elementor-top-section elementor-element elementor-element-bf3ed1a elementor-section-boxed elementor-section-height-default elementor-section-height-default\" data-id=\"bf3ed1a\" data-element_type=\"section\" data-e-type=\"section\">\n\t\t\t\t\t\t<div class=\"elementor-container elementor-column-gap-default\">\n\t\t\t\t\t<div class=\"elementor-column elementor-col-100 elementor-top-column elementor-element elementor-element-d083138\" data-id=\"d083138\" data-element_type=\"column\" data-e-type=\"column\">\n\t\t\t<div class=\"elementor-widget-wrap elementor-element-populated\">\n\t\t\t\t\t\t<div class=\"elementor-element elementor-element-565b221 elementor-widget elementor-widget-spacer\" data-id=\"565b221\" data-element_type=\"widget\" data-e-type=\"widget\" data-widget_type=\"spacer.default\">\n\t\t\t\t<div class=\"elementor-widget-container\">\n\t\t\t\t\t\t\t<div class=\"elementor-spacer\">\n\t\t\t<div class=\"elementor-spacer-inner\"><\/div>\n\t\t<\/div>\n\t\t\t\t\t\t<\/div>\n\t\t\t\t<\/div>\n\t\t\t\t<div class=\"elementor-element elementor-element-cf14047 elementor-widget elementor-widget-text-editor\" data-id=\"cf14047\" data-element_type=\"widget\" data-e-type=\"widget\" data-widget_type=\"text-editor.default\">\n\t\t\t\t<div class=\"elementor-widget-container\">\n\t\t\t\t\t\t\t\t\t<h2>Articles d&rsquo;auteurs autour du th\u00e8me de la CF et de la Psychophanie<\/h2>\t\t\t\t\t\t\t\t<\/div>\n\t\t\t\t<\/div>\n\t\t\t\t\t<\/div>\n\t\t<\/div>\n\t\t\t\t\t<\/div>\n\t\t<\/section>\n\t\t\t\t<section class=\"elementor-section elementor-top-section elementor-element elementor-element-b3b242d elementor-section-boxed elementor-section-height-default elementor-section-height-default\" data-id=\"b3b242d\" data-element_type=\"section\" data-e-type=\"section\">\n\t\t\t\t\t\t<div class=\"elementor-container elementor-column-gap-default\">\n\t\t\t\t\t<div class=\"elementor-column elementor-col-100 elementor-top-column elementor-element elementor-element-6500bbc\" data-id=\"6500bbc\" data-element_type=\"column\" data-e-type=\"column\">\n\t\t\t<div class=\"elementor-widget-wrap elementor-element-populated\">\n\t\t\t\t\t\t<div class=\"elementor-element elementor-element-3e659e6 elementor-widget elementor-widget-spacer\" data-id=\"3e659e6\" data-element_type=\"widget\" data-e-type=\"widget\" data-widget_type=\"spacer.default\">\n\t\t\t\t<div class=\"elementor-widget-container\">\n\t\t\t\t\t\t\t<div class=\"elementor-spacer\">\n\t\t\t<div class=\"elementor-spacer-inner\"><\/div>\n\t\t<\/div>\n\t\t\t\t\t\t<\/div>\n\t\t\t\t<\/div>\n\t\t\t\t<div class=\"elementor-element elementor-element-f506e63 elementor-widget-divider--view-line elementor-widget elementor-widget-divider\" data-id=\"f506e63\" data-element_type=\"widget\" data-e-type=\"widget\" data-widget_type=\"divider.default\">\n\t\t\t\t<div class=\"elementor-widget-container\">\n\t\t\t\t\t\t\t<div class=\"elementor-divider\">\n\t\t\t<span class=\"elementor-divider-separator\">\n\t\t\t\t\t\t<\/span>\n\t\t<\/div>\n\t\t\t\t\t\t<\/div>\n\t\t\t\t<\/div>\n\t\t\t\t<div class=\"elementor-element elementor-element-7a7a7be elementor-widget elementor-widget-spacer\" data-id=\"7a7a7be\" data-element_type=\"widget\" data-e-type=\"widget\" data-widget_type=\"spacer.default\">\n\t\t\t\t<div class=\"elementor-widget-container\">\n\t\t\t\t\t\t\t<div class=\"elementor-spacer\">\n\t\t\t<div class=\"elementor-spacer-inner\"><\/div>\n\t\t<\/div>\n\t\t\t\t\t\t<\/div>\n\t\t\t\t<\/div>\n\t\t\t\t\t<\/div>\n\t\t<\/div>\n\t\t\t\t\t<\/div>\n\t\t<\/section>\n\t\t\t\t<section class=\"elementor-section elementor-top-section elementor-element elementor-element-c0e5941 elementor-section-boxed elementor-section-height-default elementor-section-height-default\" data-id=\"c0e5941\" data-element_type=\"section\" data-e-type=\"section\">\n\t\t\t\t\t\t<div class=\"elementor-container elementor-column-gap-default\">\n\t\t\t\t\t<div class=\"elementor-column elementor-col-100 elementor-top-column elementor-element elementor-element-2afb654\" data-id=\"2afb654\" data-element_type=\"column\" data-e-type=\"column\">\n\t\t\t<div class=\"elementor-widget-wrap elementor-element-populated\">\n\t\t\t\t\t\t<section class=\"elementor-section elementor-inner-section elementor-element elementor-element-f9a3684 elementor-section-boxed elementor-section-height-default elementor-section-height-default\" data-id=\"f9a3684\" data-element_type=\"section\" data-e-type=\"section\">\n\t\t\t\t\t\t<div class=\"elementor-container elementor-column-gap-default\">\n\t\t\t\t\t<div class=\"elementor-column elementor-col-50 elementor-inner-column elementor-element elementor-element-28db36e\" data-id=\"28db36e\" data-element_type=\"column\" data-e-type=\"column\">\n\t\t\t<div class=\"elementor-widget-wrap elementor-element-populated\">\n\t\t\t\t\t\t<div class=\"elementor-element elementor-element-eb0abf0 elementor-widget elementor-widget-text-editor\" data-id=\"eb0abf0\" data-element_type=\"widget\" data-e-type=\"widget\" data-widget_type=\"text-editor.default\">\n\t\t\t\t<div class=\"elementor-widget-container\">\n\t\t\t\t\t\t\t\t\t<p align=\"left\"><strong>Date<\/strong><\/p>\n<p align=\"left\">Mars 2018<\/p>\n\n<div style=\"margin-top: 50px;\"><\/div>\n<p align=\"left\"><strong>Andr\u00e9 Baechler<\/strong><\/p>\n<p align=\"left\"><strong>H\u00e9l\u00e8ne Chiot<\/strong><\/p>\n<p align=\"left\"><strong>Nicola Chiot<\/strong><\/p>\n<p align=\"left\"><strong>Martine Vonarburg<\/strong><\/p>\n<p align=\"left\">Suisse<\/p>\t\t\t\t\t\t\t\t<\/div>\n\t\t\t\t<\/div>\n\t\t\t\t\t<\/div>\n\t\t<\/div>\n\t\t\t\t<div class=\"elementor-column elementor-col-50 elementor-inner-column elementor-element elementor-element-d639348\" data-id=\"d639348\" data-element_type=\"column\" data-e-type=\"column\">\n\t\t\t<div class=\"elementor-widget-wrap elementor-element-populated\">\n\t\t\t\t\t\t<div class=\"elementor-element elementor-element-8c271ee elementor-widget elementor-widget-text-editor\" data-id=\"8c271ee\" data-element_type=\"widget\" data-e-type=\"widget\" data-widget_type=\"text-editor.default\">\n\t\t\t\t<div class=\"elementor-widget-container\">\n\t\t\t\t\t\t\t\t\t<p align=\"justify\"><strong>Transhumance dans le monde de l\u2019autisme\u2026 Qui est le berger ? &#8211; Un cheminement hors des sentiers battus<\/strong><\/p>\n<p align=\"justify\">Un chapitre paru dans le livre \u00ab\u00a0<strong>Le Petit Bonheur &#8211; <\/strong>Transhumances Psychiques\u00a0\u00bb (2018 &#8211; Editeurs\u00a0: Giuliana Galli Carminati, Maud Struchen, Viviane Subirade Jacopit et Federico Carminati &#8211; Pr\u00e9face de Georges Abraham). Au pages 397 \u00e0 418 un chapitre concerne la Communication Facilit\u00e9e et remet surtout en question les aprioris que nous pouvons avoir en face de personnes porteuses de troubles autistiques graves avec mutisme, probl\u00e8mes d\u2019adaptation sociale et pratique.<\/p>\n<p align=\"justify\"><a><span style=\"font-size: 2em; color: #766661;\"> <i class=\"fas fa-file-pdf-o\"><\/i>\n<\/span><span style=\"font-size: 2em; color: #766661;\">\n<i class=\"fas fa-download\"><\/i>\n<\/span> <\/a><a href=\"https:\/\/www.cf-romandie.ch\/docs_pdf\/articles\/livre_LePetitBonheur.docx\" target=\"_blank\" rel=\"noopener noreferrer\">Voir la pr\u00e9sentation du livre et du chapitre<\/a><\/p>\n<p align=\"justify\"><a><span style=\"font-size: 2em; color: #766661;\"> <i class=\"fas fa-file-pdf-o\"><\/i>\n<\/span><\/a> <a><span style=\"font-size: 2em; color: #766661;\">\n<i class=\"fas fa-download\"><\/i>\n<\/span> <\/a><a href=\"https:\/\/www.cf-romandie.ch\/docs_pdf\/articles\/Pages_CF_dans_LePetitBonheur.pdf\" target=\"_blank\" rel=\"noopener noreferrer\">Voir le document<\/a><\/p>\t\t\t\t\t\t\t\t<\/div>\n\t\t\t\t<\/div>\n\t\t\t\t\t<\/div>\n\t\t<\/div>\n\t\t\t\t\t<\/div>\n\t\t<\/section>\n\t\t\t\t\t<\/div>\n\t\t<\/div>\n\t\t\t\t\t<\/div>\n\t\t<\/section>\n\t\t\t\t<section class=\"elementor-section elementor-top-section elementor-element elementor-element-b9aecaf elementor-section-boxed elementor-section-height-default elementor-section-height-default\" data-id=\"b9aecaf\" data-element_type=\"section\" data-e-type=\"section\">\n\t\t\t\t\t\t<div class=\"elementor-container elementor-column-gap-default\">\n\t\t\t\t\t<div class=\"elementor-column elementor-col-100 elementor-top-column elementor-element elementor-element-22b5ab8\" data-id=\"22b5ab8\" data-element_type=\"column\" data-e-type=\"column\">\n\t\t\t<div class=\"elementor-widget-wrap elementor-element-populated\">\n\t\t\t\t\t\t<div class=\"elementor-element elementor-element-f4ef5f1 elementor-widget elementor-widget-spacer\" data-id=\"f4ef5f1\" data-element_type=\"widget\" data-e-type=\"widget\" data-widget_type=\"spacer.default\">\n\t\t\t\t<div class=\"elementor-widget-container\">\n\t\t\t\t\t\t\t<div class=\"elementor-spacer\">\n\t\t\t<div class=\"elementor-spacer-inner\"><\/div>\n\t\t<\/div>\n\t\t\t\t\t\t<\/div>\n\t\t\t\t<\/div>\n\t\t\t\t<div class=\"elementor-element elementor-element-91947c0 elementor-widget-divider--view-line elementor-widget elementor-widget-divider\" data-id=\"91947c0\" data-element_type=\"widget\" data-e-type=\"widget\" data-widget_type=\"divider.default\">\n\t\t\t\t<div class=\"elementor-widget-container\">\n\t\t\t\t\t\t\t<div class=\"elementor-divider\">\n\t\t\t<span class=\"elementor-divider-separator\">\n\t\t\t\t\t\t<\/span>\n\t\t<\/div>\n\t\t\t\t\t\t<\/div>\n\t\t\t\t<\/div>\n\t\t\t\t<div class=\"elementor-element elementor-element-2ea2f7a elementor-widget elementor-widget-spacer\" data-id=\"2ea2f7a\" data-element_type=\"widget\" data-e-type=\"widget\" data-widget_type=\"spacer.default\">\n\t\t\t\t<div class=\"elementor-widget-container\">\n\t\t\t\t\t\t\t<div class=\"elementor-spacer\">\n\t\t\t<div class=\"elementor-spacer-inner\"><\/div>\n\t\t<\/div>\n\t\t\t\t\t\t<\/div>\n\t\t\t\t<\/div>\n\t\t\t\t\t<\/div>\n\t\t<\/div>\n\t\t\t\t\t<\/div>\n\t\t<\/section>\n\t\t\t\t<section class=\"elementor-section elementor-top-section elementor-element elementor-element-79e4d50 elementor-section-boxed elementor-section-height-default elementor-section-height-default\" data-id=\"79e4d50\" data-element_type=\"section\" data-e-type=\"section\">\n\t\t\t\t\t\t<div class=\"elementor-container elementor-column-gap-default\">\n\t\t\t\t\t<div class=\"elementor-column elementor-col-100 elementor-top-column elementor-element elementor-element-113bc93\" data-id=\"113bc93\" data-element_type=\"column\" data-e-type=\"column\">\n\t\t\t<div class=\"elementor-widget-wrap elementor-element-populated\">\n\t\t\t\t\t\t<section class=\"elementor-section elementor-inner-section elementor-element elementor-element-194339e elementor-section-boxed elementor-section-height-default elementor-section-height-default\" data-id=\"194339e\" data-element_type=\"section\" data-e-type=\"section\">\n\t\t\t\t\t\t<div class=\"elementor-container elementor-column-gap-default\">\n\t\t\t\t\t<div class=\"elementor-column elementor-col-50 elementor-inner-column elementor-element elementor-element-65c289d\" data-id=\"65c289d\" data-element_type=\"column\" data-e-type=\"column\">\n\t\t\t<div class=\"elementor-widget-wrap elementor-element-populated\">\n\t\t\t\t\t\t<div class=\"elementor-element elementor-element-630d6db elementor-widget elementor-widget-text-editor\" data-id=\"630d6db\" data-element_type=\"widget\" data-e-type=\"widget\" data-widget_type=\"text-editor.default\">\n\t\t\t\t<div class=\"elementor-widget-container\">\n\t\t\t\t\t\t\t\t\t<p align=\"left\"><strong>Date<\/strong><\/p>\n<p align=\"left\">Mai 2017<\/p>\n\n<div style=\"margin-top: 50px;\"><\/div>\n<p align=\"left\"><strong>Isabelle Courrier<\/strong><\/p>\n<p align=\"left\">Suisse<\/p>\t\t\t\t\t\t\t\t<\/div>\n\t\t\t\t<\/div>\n\t\t\t\t\t<\/div>\n\t\t<\/div>\n\t\t\t\t<div class=\"elementor-column elementor-col-50 elementor-inner-column elementor-element elementor-element-0965f2b\" data-id=\"0965f2b\" data-element_type=\"column\" data-e-type=\"column\">\n\t\t\t<div class=\"elementor-widget-wrap elementor-element-populated\">\n\t\t\t\t\t\t<div class=\"elementor-element elementor-element-ccdbf14 elementor-widget elementor-widget-text-editor\" data-id=\"ccdbf14\" data-element_type=\"widget\" data-e-type=\"widget\" data-widget_type=\"text-editor.default\">\n\t\t\t\t<div class=\"elementor-widget-container\">\n\t\t\t\t\t\t\t\t\t<p align=\"justify\"><strong>S&rsquo;exprimer par le dessin Facilit\u00e9<\/strong>\n<p align=\"justify\">Travail de m\u00e9moire pour l\u2019Ecole CFTMPP&rsquo;. Isabelle Courrier nous le pr\u00e9sente : \u00ab\u00a0Ce travail \u00ab\u00a0<em>S&rsquo;exprimer par le dessin Facilit\u00e9<\/em>\u00a0\u00bb retrace ma d\u00e9couverte du dessin facilit\u00e9 comme porte ouverte et soutien \u00e0 la communication. Au sein de la classe, en individuel, en institution, le dessin permet \u00e0 la personne porteuse de handicap d\u2019\u00eatre dans la cr\u00e9ativit\u00e9, dans l\u2019artistique en se r\u00e9v\u00e9lant d\u2019une autre mani\u00e8re qu\u2019avec les mots. Mettre en formes et en couleurs sa vie quotidienne, sa vie int\u00e9rieure va bien au-del\u00e0 des mots. C\u2019est cette richesse de dessins si porteurs de messages que j\u2019ai rassembl\u00e9s \u00e0 travers le suivi et l\u2019\u00e9volution de plusieurs d\u2019entre-eux sur plusieurs ann\u00e9es.\u00a0\u00bb\n\n<p align=\"justify\"><a><span style=\"font-size: 2em; color: #766661;\"> <i class=\"fas fa-file-pdf-o\"><\/i>\n<\/span><span style=\"font-size: 2em; color: #766661;\">\n<i class=\"fas fa-download\"><\/i>\n<\/span> <\/a><a href=\"https:\/\/www.cf-romandie.ch\/docs_pdf\/articles\/memoire_I-Courrier_2017.pdf\" target=\"_blank\" rel=\"noopener noreferrer\">Voir le document<\/a>\t\t\t\t\t\t\t\t<\/div>\n\t\t\t\t<\/div>\n\t\t\t\t\t<\/div>\n\t\t<\/div>\n\t\t\t\t\t<\/div>\n\t\t<\/section>\n\t\t\t\t\t<\/div>\n\t\t<\/div>\n\t\t\t\t\t<\/div>\n\t\t<\/section>\n\t\t\t\t<section class=\"elementor-section elementor-top-section elementor-element elementor-element-5f61f71 elementor-section-boxed elementor-section-height-default elementor-section-height-default\" data-id=\"5f61f71\" data-element_type=\"section\" data-e-type=\"section\">\n\t\t\t\t\t\t<div class=\"elementor-container elementor-column-gap-default\">\n\t\t\t\t\t<div class=\"elementor-column elementor-col-100 elementor-top-column elementor-element elementor-element-df26507\" data-id=\"df26507\" data-element_type=\"column\" data-e-type=\"column\">\n\t\t\t<div class=\"elementor-widget-wrap elementor-element-populated\">\n\t\t\t\t\t\t<div class=\"elementor-element elementor-element-f89a27d elementor-widget elementor-widget-spacer\" data-id=\"f89a27d\" data-element_type=\"widget\" data-e-type=\"widget\" data-widget_type=\"spacer.default\">\n\t\t\t\t<div class=\"elementor-widget-container\">\n\t\t\t\t\t\t\t<div class=\"elementor-spacer\">\n\t\t\t<div class=\"elementor-spacer-inner\"><\/div>\n\t\t<\/div>\n\t\t\t\t\t\t<\/div>\n\t\t\t\t<\/div>\n\t\t\t\t<div class=\"elementor-element elementor-element-dbfec8a elementor-widget-divider--view-line elementor-widget elementor-widget-divider\" data-id=\"dbfec8a\" data-element_type=\"widget\" data-e-type=\"widget\" data-widget_type=\"divider.default\">\n\t\t\t\t<div class=\"elementor-widget-container\">\n\t\t\t\t\t\t\t<div class=\"elementor-divider\">\n\t\t\t<span class=\"elementor-divider-separator\">\n\t\t\t\t\t\t<\/span>\n\t\t<\/div>\n\t\t\t\t\t\t<\/div>\n\t\t\t\t<\/div>\n\t\t\t\t<div class=\"elementor-element elementor-element-b05a522 elementor-widget elementor-widget-spacer\" data-id=\"b05a522\" data-element_type=\"widget\" data-e-type=\"widget\" data-widget_type=\"spacer.default\">\n\t\t\t\t<div class=\"elementor-widget-container\">\n\t\t\t\t\t\t\t<div class=\"elementor-spacer\">\n\t\t\t<div class=\"elementor-spacer-inner\"><\/div>\n\t\t<\/div>\n\t\t\t\t\t\t<\/div>\n\t\t\t\t<\/div>\n\t\t\t\t\t<\/div>\n\t\t<\/div>\n\t\t\t\t\t<\/div>\n\t\t<\/section>\n\t\t\t\t<section class=\"elementor-section elementor-top-section elementor-element elementor-element-b5c1a1d elementor-section-boxed elementor-section-height-default elementor-section-height-default\" data-id=\"b5c1a1d\" data-element_type=\"section\" data-e-type=\"section\">\n\t\t\t\t\t\t<div class=\"elementor-container elementor-column-gap-default\">\n\t\t\t\t\t<div class=\"elementor-column elementor-col-100 elementor-top-column elementor-element elementor-element-a13402c\" data-id=\"a13402c\" data-element_type=\"column\" data-e-type=\"column\">\n\t\t\t<div class=\"elementor-widget-wrap elementor-element-populated\">\n\t\t\t\t\t\t<section class=\"elementor-section elementor-inner-section elementor-element elementor-element-b99ddd6 elementor-section-boxed elementor-section-height-default elementor-section-height-default\" data-id=\"b99ddd6\" data-element_type=\"section\" data-e-type=\"section\">\n\t\t\t\t\t\t<div class=\"elementor-container elementor-column-gap-default\">\n\t\t\t\t\t<div class=\"elementor-column elementor-col-50 elementor-inner-column elementor-element elementor-element-bec0b95\" data-id=\"bec0b95\" data-element_type=\"column\" data-e-type=\"column\">\n\t\t\t<div class=\"elementor-widget-wrap elementor-element-populated\">\n\t\t\t\t\t\t<div class=\"elementor-element elementor-element-cec71b2 elementor-widget elementor-widget-text-editor\" data-id=\"cec71b2\" data-element_type=\"widget\" data-e-type=\"widget\" data-widget_type=\"text-editor.default\">\n\t\t\t\t<div class=\"elementor-widget-container\">\n\t\t\t\t\t\t\t\t\t<p align=\"left\"><strong>Date<\/strong><\/p>\n<p align=\"left\">F\u00e9vrier 2016<\/p>\n\n<div style=\"margin-top: 50px;\"><\/div>\n<p align=\"left\"><strong>Line Taramarcaz Short<\/strong>\n<p align=\"left\">Suisse<\/p>\n\t\t\t\t\t\t\t\t<\/div>\n\t\t\t\t<\/div>\n\t\t\t\t\t<\/div>\n\t\t<\/div>\n\t\t\t\t<div class=\"elementor-column elementor-col-50 elementor-inner-column elementor-element elementor-element-c41eb4e\" data-id=\"c41eb4e\" data-element_type=\"column\" data-e-type=\"column\">\n\t\t\t<div class=\"elementor-widget-wrap elementor-element-populated\">\n\t\t\t\t\t\t<div class=\"elementor-element elementor-element-da8cb16 elementor-widget elementor-widget-text-editor\" data-id=\"da8cb16\" data-element_type=\"widget\" data-e-type=\"widget\" data-widget_type=\"text-editor.default\">\n\t\t\t\t<div class=\"elementor-widget-container\">\n\t\t\t\t\t\t\t\t\t<p align=\"justify\"><strong>Lorsque le handicap nous ouvre \u00e0 la spiritualit\u00e9<\/strong>\n<p align=\"justify\">Travail de m\u00e9moire pour l\u2019Ecole CFTMPP&rsquo;. \u00ab\u00a0Lorsque le handicap nous ouvre \u00e0 la spiritualit\u00e9 et \u00e0 notre sagesse int\u00e9rieure au travers de la psychophanie\u00a0\u00bb retrace le parcours initiatique de Line aux c\u00f4t\u00e9s de Caroline, sa fille mutique et porteuse de polyhandicap, et de Francis, c\u00e9r\u00e9brol\u00e9s\u00e9 suite \u00e0 un accident.\n\n<p align=\"justify\"><a><span style=\"font-size: 2em; color: #766661;\"> <i class=\"fas fa-file-pdf-o\"><\/i>\n<\/span><span style=\"font-size: 2em; color: #766661;\">\n<i class=\"fas fa-download\"><\/i>\n<\/span> <\/a><a href=\"https:\/\/www.cf-romandie.ch\/docs_pdf\/articles\/Line_Short_CF-PPH-et-spiritualite.pdf\" target=\"_blank\" rel=\"noopener noreferrer\">Voir le document<\/a>\t\t\t\t\t\t\t\t<\/div>\n\t\t\t\t<\/div>\n\t\t\t\t\t<\/div>\n\t\t<\/div>\n\t\t\t\t\t<\/div>\n\t\t<\/section>\n\t\t\t\t\t<\/div>\n\t\t<\/div>\n\t\t\t\t\t<\/div>\n\t\t<\/section>\n\t\t\t\t<section class=\"elementor-section elementor-top-section elementor-element elementor-element-61302cb elementor-section-boxed elementor-section-height-default elementor-section-height-default\" data-id=\"61302cb\" data-element_type=\"section\" data-e-type=\"section\">\n\t\t\t\t\t\t<div class=\"elementor-container elementor-column-gap-default\">\n\t\t\t\t\t<div class=\"elementor-column elementor-col-100 elementor-top-column elementor-element elementor-element-a1b0f11\" data-id=\"a1b0f11\" data-element_type=\"column\" data-e-type=\"column\">\n\t\t\t<div class=\"elementor-widget-wrap elementor-element-populated\">\n\t\t\t\t\t\t<div class=\"elementor-element elementor-element-9f00ac5 elementor-widget elementor-widget-spacer\" data-id=\"9f00ac5\" data-element_type=\"widget\" data-e-type=\"widget\" data-widget_type=\"spacer.default\">\n\t\t\t\t<div class=\"elementor-widget-container\">\n\t\t\t\t\t\t\t<div class=\"elementor-spacer\">\n\t\t\t<div class=\"elementor-spacer-inner\"><\/div>\n\t\t<\/div>\n\t\t\t\t\t\t<\/div>\n\t\t\t\t<\/div>\n\t\t\t\t<div class=\"elementor-element elementor-element-7160aa4 elementor-widget-divider--view-line elementor-widget elementor-widget-divider\" data-id=\"7160aa4\" data-element_type=\"widget\" data-e-type=\"widget\" data-widget_type=\"divider.default\">\n\t\t\t\t<div class=\"elementor-widget-container\">\n\t\t\t\t\t\t\t<div class=\"elementor-divider\">\n\t\t\t<span class=\"elementor-divider-separator\">\n\t\t\t\t\t\t<\/span>\n\t\t<\/div>\n\t\t\t\t\t\t<\/div>\n\t\t\t\t<\/div>\n\t\t\t\t<div class=\"elementor-element elementor-element-c004e55 elementor-widget elementor-widget-spacer\" data-id=\"c004e55\" data-element_type=\"widget\" data-e-type=\"widget\" data-widget_type=\"spacer.default\">\n\t\t\t\t<div class=\"elementor-widget-container\">\n\t\t\t\t\t\t\t<div class=\"elementor-spacer\">\n\t\t\t<div class=\"elementor-spacer-inner\"><\/div>\n\t\t<\/div>\n\t\t\t\t\t\t<\/div>\n\t\t\t\t<\/div>\n\t\t\t\t\t<\/div>\n\t\t<\/div>\n\t\t\t\t\t<\/div>\n\t\t<\/section>\n\t\t\t\t<section class=\"elementor-section elementor-top-section elementor-element elementor-element-fe7a7aa elementor-section-boxed elementor-section-height-default elementor-section-height-default\" data-id=\"fe7a7aa\" data-element_type=\"section\" data-e-type=\"section\">\n\t\t\t\t\t\t<div class=\"elementor-container elementor-column-gap-default\">\n\t\t\t\t\t<div class=\"elementor-column elementor-col-100 elementor-top-column elementor-element elementor-element-17e599b\" data-id=\"17e599b\" data-element_type=\"column\" data-e-type=\"column\">\n\t\t\t<div class=\"elementor-widget-wrap elementor-element-populated\">\n\t\t\t\t\t\t<section class=\"elementor-section elementor-inner-section elementor-element elementor-element-a719462 elementor-section-boxed elementor-section-height-default elementor-section-height-default\" data-id=\"a719462\" data-element_type=\"section\" data-e-type=\"section\">\n\t\t\t\t\t\t<div class=\"elementor-container elementor-column-gap-default\">\n\t\t\t\t\t<div class=\"elementor-column elementor-col-50 elementor-inner-column elementor-element elementor-element-85ba475\" data-id=\"85ba475\" data-element_type=\"column\" data-e-type=\"column\">\n\t\t\t<div class=\"elementor-widget-wrap elementor-element-populated\">\n\t\t\t\t\t\t<div class=\"elementor-element elementor-element-dbcf9bc elementor-widget elementor-widget-text-editor\" data-id=\"dbcf9bc\" data-element_type=\"widget\" data-e-type=\"widget\" data-widget_type=\"text-editor.default\">\n\t\t\t\t<div class=\"elementor-widget-container\">\n\t\t\t\t\t\t\t\t\t<p align=\"left\"><strong>Date<\/strong><\/p>\n<p align=\"left\">Juin 2014<\/p>\n\n<div style=\"margin-top: 50px;\"><\/div>\n<p align=\"left\"><strong>Isabelle Courrier<\/strong><\/p>\n<p align=\"left\">Martine Vonarburg<\/p>\n<p align=\"left\">Suisse<\/p>\t\t\t\t\t\t\t\t<\/div>\n\t\t\t\t<\/div>\n\t\t\t\t\t<\/div>\n\t\t<\/div>\n\t\t\t\t<div class=\"elementor-column elementor-col-50 elementor-inner-column elementor-element elementor-element-01980f5\" data-id=\"01980f5\" data-element_type=\"column\" data-e-type=\"column\">\n\t\t\t<div class=\"elementor-widget-wrap elementor-element-populated\">\n\t\t\t\t\t\t<div class=\"elementor-element elementor-element-4613c9c elementor-widget elementor-widget-text-editor\" data-id=\"4613c9c\" data-element_type=\"widget\" data-e-type=\"widget\" data-widget_type=\"text-editor.default\">\n\t\t\t\t<div class=\"elementor-widget-container\">\n\t\t\t\t\t\t\t\t\t<p align=\"justify\"><strong>Psychophanie et m\u00e9diumnit\u00e9, quelle relation ?<\/strong>\n<p align=\"justify\">Conf\u00e9rence donn\u00e9e au Forum CFTMPP&rsquo; de Toulon le 25 juin 2014. Quelles ressemblances et diff\u00e9rences entre la Psychophanie et la m\u00e9diumnit\u00e9 ?\n\n<p align=\"justify\"><a><span style=\"font-size: 2em; color: #766661;\"> <i class=\"fas fa-file-pdf-o\"><\/i>\n<\/span><span style=\"font-size: 2em; color: #766661;\">\n<i class=\"fas fa-download\"><\/i>\n<\/span> <\/a><a href=\"https:\/\/www.cf-romandie.ch\/docs_pdf\/articles\/art_TMPP_Psychophanie_Mediumnite.pdf\" target=\"_blank\" rel=\"noopener noreferrer\">Voir le document<\/a>\t\t\t\t\t\t\t\t<\/div>\n\t\t\t\t<\/div>\n\t\t\t\t\t<\/div>\n\t\t<\/div>\n\t\t\t\t\t<\/div>\n\t\t<\/section>\n\t\t\t\t\t<\/div>\n\t\t<\/div>\n\t\t\t\t\t<\/div>\n\t\t<\/section>\n\t\t\t\t<section class=\"elementor-section elementor-top-section elementor-element elementor-element-14b70df elementor-section-boxed elementor-section-height-default elementor-section-height-default\" data-id=\"14b70df\" data-element_type=\"section\" data-e-type=\"section\">\n\t\t\t\t\t\t<div class=\"elementor-container elementor-column-gap-default\">\n\t\t\t\t\t<div class=\"elementor-column elementor-col-100 elementor-top-column elementor-element elementor-element-abcdb6e\" data-id=\"abcdb6e\" data-element_type=\"column\" data-e-type=\"column\">\n\t\t\t<div class=\"elementor-widget-wrap elementor-element-populated\">\n\t\t\t\t\t\t<div class=\"elementor-element elementor-element-3c0532b elementor-widget elementor-widget-spacer\" data-id=\"3c0532b\" data-element_type=\"widget\" data-e-type=\"widget\" data-widget_type=\"spacer.default\">\n\t\t\t\t<div class=\"elementor-widget-container\">\n\t\t\t\t\t\t\t<div class=\"elementor-spacer\">\n\t\t\t<div class=\"elementor-spacer-inner\"><\/div>\n\t\t<\/div>\n\t\t\t\t\t\t<\/div>\n\t\t\t\t<\/div>\n\t\t\t\t<div class=\"elementor-element elementor-element-93a589c elementor-widget-divider--view-line elementor-widget elementor-widget-divider\" data-id=\"93a589c\" data-element_type=\"widget\" data-e-type=\"widget\" data-widget_type=\"divider.default\">\n\t\t\t\t<div class=\"elementor-widget-container\">\n\t\t\t\t\t\t\t<div class=\"elementor-divider\">\n\t\t\t<span class=\"elementor-divider-separator\">\n\t\t\t\t\t\t<\/span>\n\t\t<\/div>\n\t\t\t\t\t\t<\/div>\n\t\t\t\t<\/div>\n\t\t\t\t<div class=\"elementor-element elementor-element-8ee9a7c elementor-widget elementor-widget-spacer\" data-id=\"8ee9a7c\" data-element_type=\"widget\" data-e-type=\"widget\" data-widget_type=\"spacer.default\">\n\t\t\t\t<div class=\"elementor-widget-container\">\n\t\t\t\t\t\t\t<div class=\"elementor-spacer\">\n\t\t\t<div class=\"elementor-spacer-inner\"><\/div>\n\t\t<\/div>\n\t\t\t\t\t\t<\/div>\n\t\t\t\t<\/div>\n\t\t\t\t\t<\/div>\n\t\t<\/div>\n\t\t\t\t\t<\/div>\n\t\t<\/section>\n\t\t\t\t<section class=\"elementor-section elementor-top-section elementor-element elementor-element-c7310f4 elementor-section-boxed elementor-section-height-default elementor-section-height-default\" data-id=\"c7310f4\" data-element_type=\"section\" data-e-type=\"section\">\n\t\t\t\t\t\t<div class=\"elementor-container elementor-column-gap-default\">\n\t\t\t\t\t<div class=\"elementor-column elementor-col-100 elementor-top-column elementor-element elementor-element-062939a\" data-id=\"062939a\" data-element_type=\"column\" data-e-type=\"column\">\n\t\t\t<div class=\"elementor-widget-wrap elementor-element-populated\">\n\t\t\t\t\t\t<section class=\"elementor-section elementor-inner-section elementor-element elementor-element-aa3e97f elementor-section-boxed elementor-section-height-default elementor-section-height-default\" data-id=\"aa3e97f\" data-element_type=\"section\" data-e-type=\"section\">\n\t\t\t\t\t\t<div class=\"elementor-container elementor-column-gap-default\">\n\t\t\t\t\t<div class=\"elementor-column elementor-col-50 elementor-inner-column elementor-element elementor-element-9b252f1\" data-id=\"9b252f1\" data-element_type=\"column\" data-e-type=\"column\">\n\t\t\t<div class=\"elementor-widget-wrap elementor-element-populated\">\n\t\t\t\t\t\t<div class=\"elementor-element elementor-element-ebdda2a elementor-widget elementor-widget-text-editor\" data-id=\"ebdda2a\" data-element_type=\"widget\" data-e-type=\"widget\" data-widget_type=\"text-editor.default\">\n\t\t\t\t<div class=\"elementor-widget-container\">\n\t\t\t\t\t\t\t\t\t<p align=\"left\"><strong>Date<\/strong><\/p>\n<p align=\"left\">Avril 2014<\/p>\n\n<div style=\"margin-top: 50px;\"><\/div>\n<p align=\"left\">\n<strong>Marianne et Th\u00e9o Engel\n<p align=\"left\">et divers intervenants<\/strong>\n<p align=\"left\">Suisse\t\t\t\t\t\t\t\t<\/div>\n\t\t\t\t<\/div>\n\t\t\t\t\t<\/div>\n\t\t<\/div>\n\t\t\t\t<div class=\"elementor-column elementor-col-50 elementor-inner-column elementor-element elementor-element-dd4521c\" data-id=\"dd4521c\" data-element_type=\"column\" data-e-type=\"column\">\n\t\t\t<div class=\"elementor-widget-wrap elementor-element-populated\">\n\t\t\t\t\t\t<div class=\"elementor-element elementor-element-c8b7348 elementor-widget elementor-widget-text-editor\" data-id=\"c8b7348\" data-element_type=\"widget\" data-e-type=\"widget\" data-widget_type=\"text-editor.default\">\n\t\t\t\t<div class=\"elementor-widget-container\">\n\t\t\t\t\t\t\t\t\t<p align=\"justify\"><strong>Les d\u00e9fis de Sibylle &#8211; Quand on y croit<\/strong>\n<p align=\"justify\">Exp\u00e9rience d\u2019int\u00e9gration scolaire o\u00f9 la CF a jou\u00e9 un r\u00f4le essentiel. Sibylle Engel, une jeune femme dont le handicap semblait rendre impossible son acc\u00e8s \u00e0 l\u2019\u00e9cole, est au centre de ce v\u00e9cu qui a \u00e9t\u00e9 tr\u00e8s enrichissant pour toutes les personnes impliqu\u00e9es.\n\n<p align=\"justify\"><a><span style=\"font-size: 2em; color: #766661;\"> <i class=\"fas fa-file-pdf-o\"><\/i>\n<\/span><span style=\"font-size: 2em; color: #766661;\">\n<i class=\"fas fa-download\"><\/i>\n<\/span> <\/a><a href=\"https:\/\/www.cf-romandie.ch\/docs_pdf\/Fleur_de_Parole_Special_2.pdf\" target=\"_blank\" rel=\"noopener noreferrer\">Voir le document<\/a>\n\t\t\t\t\t\t\t\t<\/div>\n\t\t\t\t<\/div>\n\t\t\t\t\t<\/div>\n\t\t<\/div>\n\t\t\t\t\t<\/div>\n\t\t<\/section>\n\t\t\t\t\t<\/div>\n\t\t<\/div>\n\t\t\t\t\t<\/div>\n\t\t<\/section>\n\t\t\t\t<section class=\"elementor-section elementor-top-section elementor-element elementor-element-30f93a1 elementor-section-boxed elementor-section-height-default elementor-section-height-default\" data-id=\"30f93a1\" data-element_type=\"section\" data-e-type=\"section\">\n\t\t\t\t\t\t<div class=\"elementor-container elementor-column-gap-default\">\n\t\t\t\t\t<div class=\"elementor-column elementor-col-100 elementor-top-column elementor-element elementor-element-44cc12d\" data-id=\"44cc12d\" data-element_type=\"column\" data-e-type=\"column\">\n\t\t\t<div class=\"elementor-widget-wrap elementor-element-populated\">\n\t\t\t\t\t\t<div class=\"elementor-element elementor-element-1fd97a9 elementor-widget elementor-widget-spacer\" data-id=\"1fd97a9\" data-element_type=\"widget\" data-e-type=\"widget\" data-widget_type=\"spacer.default\">\n\t\t\t\t<div class=\"elementor-widget-container\">\n\t\t\t\t\t\t\t<div class=\"elementor-spacer\">\n\t\t\t<div class=\"elementor-spacer-inner\"><\/div>\n\t\t<\/div>\n\t\t\t\t\t\t<\/div>\n\t\t\t\t<\/div>\n\t\t\t\t<div class=\"elementor-element elementor-element-b47b43c elementor-widget-divider--view-line elementor-widget elementor-widget-divider\" data-id=\"b47b43c\" data-element_type=\"widget\" data-e-type=\"widget\" data-widget_type=\"divider.default\">\n\t\t\t\t<div class=\"elementor-widget-container\">\n\t\t\t\t\t\t\t<div class=\"elementor-divider\">\n\t\t\t<span class=\"elementor-divider-separator\">\n\t\t\t\t\t\t<\/span>\n\t\t<\/div>\n\t\t\t\t\t\t<\/div>\n\t\t\t\t<\/div>\n\t\t\t\t<div class=\"elementor-element elementor-element-4ab42b0 elementor-widget elementor-widget-spacer\" data-id=\"4ab42b0\" data-element_type=\"widget\" data-e-type=\"widget\" data-widget_type=\"spacer.default\">\n\t\t\t\t<div class=\"elementor-widget-container\">\n\t\t\t\t\t\t\t<div class=\"elementor-spacer\">\n\t\t\t<div class=\"elementor-spacer-inner\"><\/div>\n\t\t<\/div>\n\t\t\t\t\t\t<\/div>\n\t\t\t\t<\/div>\n\t\t\t\t\t<\/div>\n\t\t<\/div>\n\t\t\t\t\t<\/div>\n\t\t<\/section>\n\t\t\t\t<section class=\"elementor-section elementor-top-section elementor-element elementor-element-9801b58 elementor-section-boxed elementor-section-height-default elementor-section-height-default\" data-id=\"9801b58\" data-element_type=\"section\" data-e-type=\"section\">\n\t\t\t\t\t\t<div class=\"elementor-container elementor-column-gap-default\">\n\t\t\t\t\t<div class=\"elementor-column elementor-col-100 elementor-top-column elementor-element elementor-element-a443d35\" data-id=\"a443d35\" data-element_type=\"column\" data-e-type=\"column\">\n\t\t\t<div class=\"elementor-widget-wrap elementor-element-populated\">\n\t\t\t\t\t\t<section class=\"elementor-section elementor-inner-section elementor-element elementor-element-4d6f5d9 elementor-section-boxed elementor-section-height-default elementor-section-height-default\" data-id=\"4d6f5d9\" data-element_type=\"section\" data-e-type=\"section\">\n\t\t\t\t\t\t<div class=\"elementor-container elementor-column-gap-default\">\n\t\t\t\t\t<div class=\"elementor-column elementor-col-50 elementor-inner-column elementor-element elementor-element-54ba91a\" data-id=\"54ba91a\" data-element_type=\"column\" data-e-type=\"column\">\n\t\t\t<div class=\"elementor-widget-wrap elementor-element-populated\">\n\t\t\t\t\t\t<div class=\"elementor-element elementor-element-b3a227d elementor-widget elementor-widget-text-editor\" data-id=\"b3a227d\" data-element_type=\"widget\" data-e-type=\"widget\" data-widget_type=\"text-editor.default\">\n\t\t\t\t<div class=\"elementor-widget-container\">\n\t\t\t\t\t\t\t\t\t<p align=\"left\"><strong>Date<\/strong><\/p><p align=\"left\">Mars 2007<\/p><div style=\"margin-top: 50px;\">\u00a0<\/div><p align=\"left\"><strong>Nadine Le Nuz<\/strong><\/p><p align=\"left\">Educatrice sp\u00e9cialis\u00e9e<\/p><p align=\"left\">Chef de service<\/p><p align=\"left\">France<\/p>\t\t\t\t\t\t\t\t<\/div>\n\t\t\t\t<\/div>\n\t\t\t\t\t<\/div>\n\t\t<\/div>\n\t\t\t\t<div class=\"elementor-column elementor-col-50 elementor-inner-column elementor-element elementor-element-7361c99\" data-id=\"7361c99\" data-element_type=\"column\" data-e-type=\"column\">\n\t\t\t<div class=\"elementor-widget-wrap elementor-element-populated\">\n\t\t\t\t\t\t<div class=\"elementor-element elementor-element-c737d81 elementor-widget elementor-widget-text-editor\" data-id=\"c737d81\" data-element_type=\"widget\" data-e-type=\"widget\" data-widget_type=\"text-editor.default\">\n\t\t\t\t<div class=\"elementor-widget-container\">\n\t\t\t\t\t\t\t\t\t<p align=\"justify\"><strong>Actions \u00e9ducatives et Communication Facilit\u00e9e en institution<\/strong>\n<p align=\"justify\">\u00ab\u00a0Ce m\u00e9moire est le fruit de dix ann\u00e9es de r\u00e9flexion et de pratique de la Communication Facilit\u00e9e au sein d\u2019une institution accueillant des enfants et des adolescents ayant une d\u00e9ficience cognitive et\/ou des troubles de la personnalit\u00e9 et du comportement.\n<p align=\"justify\">Il s\u2019est agit pour moi et pour eux de construire un savoir autour de cet outil en jonction avec des activit\u00e9s d\u00e9j\u00e0 existantes : informatique, aide scolaire, dessin, lecture, sophrologie et espace de communication.\nNotre travail commun bas\u00e9 sur des exp\u00e9riences aux supports vari\u00e9s a permis de mesurer l\u2019impact que la communication facilit\u00e9e a eu, sur la construction et la restitution de leur savoir, la construction de leurs actions et enfin sur la communication sur soi et vers autrui.\n<p align=\"justify\">Cet outil m\u2019a permis de porter un autre regard sur des enfants porteurs d\u2019un handicap parce qu\u2019il renseigne sur leurs difficult\u00e9s mais aussi leur d\u00e9sir et leurs besoins et de redynamiser ma pratique \u00e9ducative surtout aupr\u00e8s des enfants dont la communication verbale et la restitution des acquis \u00e9taient pauvres voire inexistantes.\u00a0\u00bb\n\n<p align=\"justify\"><a><span style=\"font-size: 2em; color: #766661;\"> <i class=\"fas fa-file-pdf-o\"><\/i>\n<\/span><span style=\"font-size: 2em; color: #766661;\">\n<i class=\"fas fa-download\"><\/i>\n<\/span> <\/a><a href=\"https:\/\/www.cf-romandie.ch\/docs_pdf\/memoire_cf_le_nuz.pdf\" target=\"_blank\" rel=\"noopener noreferrer\">Voir le document<\/a>\t\t\t\t\t\t\t\t<\/div>\n\t\t\t\t<\/div>\n\t\t\t\t\t<\/div>\n\t\t<\/div>\n\t\t\t\t\t<\/div>\n\t\t<\/section>\n\t\t\t\t\t<\/div>\n\t\t<\/div>\n\t\t\t\t\t<\/div>\n\t\t<\/section>\n\t\t\t\t<section class=\"elementor-section elementor-top-section elementor-element elementor-element-f0193ae elementor-section-boxed elementor-section-height-default elementor-section-height-default\" data-id=\"f0193ae\" data-element_type=\"section\" data-e-type=\"section\">\n\t\t\t\t\t\t<div class=\"elementor-container elementor-column-gap-default\">\n\t\t\t\t\t<div class=\"elementor-column elementor-col-100 elementor-top-column elementor-element elementor-element-1154c53\" data-id=\"1154c53\" data-element_type=\"column\" data-e-type=\"column\">\n\t\t\t<div class=\"elementor-widget-wrap elementor-element-populated\">\n\t\t\t\t\t\t<div class=\"elementor-element elementor-element-9300d78 elementor-widget elementor-widget-spacer\" data-id=\"9300d78\" data-element_type=\"widget\" data-e-type=\"widget\" data-widget_type=\"spacer.default\">\n\t\t\t\t<div class=\"elementor-widget-container\">\n\t\t\t\t\t\t\t<div class=\"elementor-spacer\">\n\t\t\t<div class=\"elementor-spacer-inner\"><\/div>\n\t\t<\/div>\n\t\t\t\t\t\t<\/div>\n\t\t\t\t<\/div>\n\t\t\t\t<div class=\"elementor-element elementor-element-191e957 elementor-widget-divider--view-line elementor-widget elementor-widget-divider\" data-id=\"191e957\" data-element_type=\"widget\" data-e-type=\"widget\" data-widget_type=\"divider.default\">\n\t\t\t\t<div class=\"elementor-widget-container\">\n\t\t\t\t\t\t\t<div class=\"elementor-divider\">\n\t\t\t<span class=\"elementor-divider-separator\">\n\t\t\t\t\t\t<\/span>\n\t\t<\/div>\n\t\t\t\t\t\t<\/div>\n\t\t\t\t<\/div>\n\t\t\t\t<div class=\"elementor-element elementor-element-4316eba elementor-widget elementor-widget-spacer\" data-id=\"4316eba\" data-element_type=\"widget\" data-e-type=\"widget\" data-widget_type=\"spacer.default\">\n\t\t\t\t<div class=\"elementor-widget-container\">\n\t\t\t\t\t\t\t<div class=\"elementor-spacer\">\n\t\t\t<div class=\"elementor-spacer-inner\"><\/div>\n\t\t<\/div>\n\t\t\t\t\t\t<\/div>\n\t\t\t\t<\/div>\n\t\t\t\t\t<\/div>\n\t\t<\/div>\n\t\t\t\t\t<\/div>\n\t\t<\/section>\n\t\t\t\t<section class=\"elementor-section elementor-top-section elementor-element elementor-element-3e8224c elementor-section-boxed elementor-section-height-default elementor-section-height-default\" data-id=\"3e8224c\" data-element_type=\"section\" data-e-type=\"section\">\n\t\t\t\t\t\t<div class=\"elementor-container elementor-column-gap-default\">\n\t\t\t\t\t<div class=\"elementor-column elementor-col-100 elementor-top-column elementor-element elementor-element-671f546\" data-id=\"671f546\" data-element_type=\"column\" data-e-type=\"column\">\n\t\t\t<div class=\"elementor-widget-wrap elementor-element-populated\">\n\t\t\t\t\t\t<section class=\"elementor-section elementor-inner-section elementor-element elementor-element-86f3615 elementor-section-boxed elementor-section-height-default elementor-section-height-default\" data-id=\"86f3615\" data-element_type=\"section\" data-e-type=\"section\">\n\t\t\t\t\t\t<div class=\"elementor-container elementor-column-gap-default\">\n\t\t\t\t\t<div class=\"elementor-column elementor-col-50 elementor-inner-column elementor-element elementor-element-f807303\" data-id=\"f807303\" data-element_type=\"column\" data-e-type=\"column\">\n\t\t\t<div class=\"elementor-widget-wrap elementor-element-populated\">\n\t\t\t\t\t\t<div class=\"elementor-element elementor-element-1319952 elementor-widget elementor-widget-text-editor\" data-id=\"1319952\" data-element_type=\"widget\" data-e-type=\"widget\" data-widget_type=\"text-editor.default\">\n\t\t\t\t<div class=\"elementor-widget-container\">\n\t\t\t\t\t\t\t\t\t<p align=\"left\"><strong>Date<\/strong><\/p>\n<p align=\"left\">21.09.2006<\/p>\n\n<div style=\"margin-top: 50px;\"><\/div>\n<p align=\"left\"><strong>Pierre-Marie Pouget<\/strong>\n<p align=\"left\">Philosophe\n<p align=\"left\">Suisse\n\n\t\t\t\t\t\t\t\t<\/div>\n\t\t\t\t<\/div>\n\t\t\t\t\t<\/div>\n\t\t<\/div>\n\t\t\t\t<div class=\"elementor-column elementor-col-50 elementor-inner-column elementor-element elementor-element-fa7c00a\" data-id=\"fa7c00a\" data-element_type=\"column\" data-e-type=\"column\">\n\t\t\t<div class=\"elementor-widget-wrap elementor-element-populated\">\n\t\t\t\t\t\t<div class=\"elementor-element elementor-element-59020af elementor-widget elementor-widget-text-editor\" data-id=\"59020af\" data-element_type=\"widget\" data-e-type=\"widget\" data-widget_type=\"text-editor.default\">\n\t\t\t\t<div class=\"elementor-widget-container\">\n\t\t\t\t\t\t\t\t\t<p align=\"justify\"><strong>Questionnement m\u00e9thodologique et \u00e9thique \u00e0 propos de la Communication Facilit\u00e9e<\/strong>\n<p align=\"justify\">Conf\u00e9rence donn\u00e9e \u00e0 Saint-Prex, le 21 septembre 2006, dans le cadre d\u2019un stage de formation en Communication Facilit\u00e9e, sur le th\u00e8me \u00ab\u00a0Discernement et Ethique\u00a0\u00bb.\n<p align=\"justify\">Ce texte est \u00e9galement paru sur le site : \n<p align=\"justify\"><a href=\"http:\/\/www.contrepointphilosophique.ch\/SommairePrincipal\/Pages\/Sommaire.html\" target=\"_blank\" rel=\"noopener noreferrer\">http:\/\/www.contrepointphilosophique.ch\/SommairePrincipal\/Pages\/Sommaire.html<\/a>\n\n<p align=\"justify\"><a><span style=\"font-size: 2em; color: #766661;\"> <i class=\"fas fa-file-pdf-o\"><\/i>\n<\/span><span style=\"font-size: 2em; color: #766661;\">\n<i class=\"fas fa-download\"><\/i>\n<\/span> <\/a><a href=\"https:\/\/www.cf-romandie.ch\/docs_pdf\/pouget.pdf\" target=\"_blank\" rel=\"noopener noreferrer\">Voir le document<\/a>\t\t\t\t\t\t\t\t<\/div>\n\t\t\t\t<\/div>\n\t\t\t\t\t<\/div>\n\t\t<\/div>\n\t\t\t\t\t<\/div>\n\t\t<\/section>\n\t\t\t\t\t<\/div>\n\t\t<\/div>\n\t\t\t\t\t<\/div>\n\t\t<\/section>\n\t\t\t\t<section class=\"elementor-section elementor-top-section elementor-element elementor-element-93b7a99 elementor-section-boxed elementor-section-height-default elementor-section-height-default\" data-id=\"93b7a99\" data-element_type=\"section\" data-e-type=\"section\">\n\t\t\t\t\t\t<div class=\"elementor-container elementor-column-gap-default\">\n\t\t\t\t\t<div class=\"elementor-column elementor-col-100 elementor-top-column elementor-element elementor-element-6d04fe7\" data-id=\"6d04fe7\" data-element_type=\"column\" data-e-type=\"column\">\n\t\t\t<div class=\"elementor-widget-wrap elementor-element-populated\">\n\t\t\t\t\t\t<div class=\"elementor-element elementor-element-2327bed elementor-widget elementor-widget-spacer\" data-id=\"2327bed\" data-element_type=\"widget\" data-e-type=\"widget\" data-widget_type=\"spacer.default\">\n\t\t\t\t<div class=\"elementor-widget-container\">\n\t\t\t\t\t\t\t<div class=\"elementor-spacer\">\n\t\t\t<div class=\"elementor-spacer-inner\"><\/div>\n\t\t<\/div>\n\t\t\t\t\t\t<\/div>\n\t\t\t\t<\/div>\n\t\t\t\t<div class=\"elementor-element elementor-element-f14f300 elementor-widget-divider--view-line elementor-widget elementor-widget-divider\" data-id=\"f14f300\" data-element_type=\"widget\" data-e-type=\"widget\" data-widget_type=\"divider.default\">\n\t\t\t\t<div class=\"elementor-widget-container\">\n\t\t\t\t\t\t\t<div class=\"elementor-divider\">\n\t\t\t<span class=\"elementor-divider-separator\">\n\t\t\t\t\t\t<\/span>\n\t\t<\/div>\n\t\t\t\t\t\t<\/div>\n\t\t\t\t<\/div>\n\t\t\t\t<div class=\"elementor-element elementor-element-5bba270 elementor-widget elementor-widget-spacer\" data-id=\"5bba270\" data-element_type=\"widget\" data-e-type=\"widget\" data-widget_type=\"spacer.default\">\n\t\t\t\t<div class=\"elementor-widget-container\">\n\t\t\t\t\t\t\t<div class=\"elementor-spacer\">\n\t\t\t<div class=\"elementor-spacer-inner\"><\/div>\n\t\t<\/div>\n\t\t\t\t\t\t<\/div>\n\t\t\t\t<\/div>\n\t\t\t\t\t<\/div>\n\t\t<\/div>\n\t\t\t\t\t<\/div>\n\t\t<\/section>\n\t\t\t\t<section class=\"elementor-section elementor-top-section elementor-element elementor-element-497a50c elementor-section-boxed elementor-section-height-default elementor-section-height-default\" data-id=\"497a50c\" data-element_type=\"section\" data-e-type=\"section\">\n\t\t\t\t\t\t<div class=\"elementor-container elementor-column-gap-default\">\n\t\t\t\t\t<div class=\"elementor-column elementor-col-100 elementor-top-column elementor-element elementor-element-6edcd0d\" data-id=\"6edcd0d\" data-element_type=\"column\" data-e-type=\"column\">\n\t\t\t<div class=\"elementor-widget-wrap elementor-element-populated\">\n\t\t\t\t\t\t<div class=\"elementor-element elementor-element-87ca211 elementor-widget elementor-widget-text-editor\" data-id=\"87ca211\" data-element_type=\"widget\" data-e-type=\"widget\" data-widget_type=\"text-editor.default\">\n\t\t\t\t<div class=\"elementor-widget-container\">\n\t\t\t\t\t\t\t\t\t<h3><strong>Articles de presse\u00a0sur la CF et la Psychophanie<\/strong><\/h3>\n<ul>\n \t<li>ASSIMACOPOULOSA H\u00e9l\u00e8ne, <strong>\u00ab\u00a0La communication facilit\u00e9e ouvre une porte sur le monde du mutisme\u00a0\u00bb<\/strong>, IN\u00a0: Rep\u00e8re social, no 47, p16-17,\u00a0 mai 2003<\/li>\n \t<li>BAECHLER Andr\u00e9, B\u00dcCHEL Fredi, DUC Jos\u00e9phine, GAUCHAT Laurence, <strong>\u00ab\u00a0Une technique de soutien de main sur \u00e9cran tactile avec des personne pr\u00e9sentant un polyhandicap\u00a0\u00bb<\/strong>, IN\u00a0: P\u00e9dagogie sp\u00e9cialis\u00e9e, no 1, p19-26, 2006 \u00a0<a><span style=\"font-size: 2em; color: #766661;\"> <i class=\"fas fa-file-pdf-o\"><\/i>\n<\/span><span style=\"font-size: 2em; color: #766661;\">\n<i class=\"fas fa-download\"><\/i>\n<\/span> <\/a><a href=\"https:\/\/www.cf-romandie.ch\/docs_pdf\/recherche\/Baechler_Buchel_Duc_Gauchat_02-2006.pdf\" target=\"_blank\" rel=\"noopener noreferrer\">Voir le document<\/a><\/li>\n \t<li>CORNAZ PERRIER Josette, <strong>\u00ab\u00a0La Communication facilit\u00e9e\u00a0\u00bb<\/strong><em>, <\/em>IN\u00a0: P\u00e9dagogie sp\u00e9cialis\u00e9e, no 3, p10-13, 2000 \u00a0<a><span style=\"font-size: 2em; color: #766661;\"> <i class=\"fas fa-file-pdf-o\"><\/i>\n<\/span><span style=\"font-size: 2em; color: #766661;\">\n<i class=\"fas fa-download\"><\/i>\n<\/span> <\/a><a href=\"https:\/\/www.cf-romandie.ch\/docs_pdf\/articles\/Revue_SPC_3-2000_PP10-13.pdf\" target=\"_blank\" rel=\"noopener noreferrer\">Voir le document<\/a><\/li>\n \t<li>L\u00c9GERET Jaques, <strong>\u00ab\u00a0La communication facilit\u00e9e\u00a0: un autre regard sur les personnes handicap\u00e9es\u00a0\u00bb<\/strong><em>, <\/em>IN\u00a0: P\u00e9dagogie sp\u00e9cialis\u00e9e, no 1, p14-18, 2002 \u00a0<a><span style=\"font-size: 2em; color: #766661;\"> <i class=\"fas fa-file-pdf-o\"><\/i>\n<\/span><span style=\"font-size: 2em; color: #766661;\">\n<i class=\"fas fa-download\"><\/i>\n<\/span> <\/a><a href=\"https:\/\/www.cf-romandie.ch\/docs_pdf\/articles\/Revue_SPC_1-2002_PP14-18.pdf\" target=\"_blank\" rel=\"noopener noreferrer\">Voir le document<\/a><\/li>\n \t<li><strong>Pages romandes, Num\u00e9ro consacr\u00e9 \u00e0 la Communication facilit\u00e9e<\/strong>, IN : Pages romandes, no 3, juin 2008\u00a0 <a><span style=\"font-size: 2em; color: #766661;\"> <i class=\"fas fa-file-pdf-o\"><\/i>\n<\/span><span style=\"font-size: 2em; color: #766661;\">\n<i class=\"fas fa-download\"><\/i>\n<\/span> <\/a><a href=\"https:\/\/www.cf-romandie.ch\/docs_pdf\/articles\/Pages_Romandes_CF_3-juin_2008.pdf\" target=\"_blank\" rel=\"noopener noreferrer\">Voir le document<\/a><\/li>\n \t<li><strong>Pages romandes, Num\u00e9ro consacr\u00e9 \u00e0 handicap.com et une page \u00e0 la Communication facilit\u00e9e<\/strong>, IN : Pages romandes, no 4, juin 2010\n\u00ab\u00a0A vous fr\u00e8res et soeurs de silence \u00a0\u00bb par Olivier Salamin concernant la Table ronde des personnes facilit\u00e9es, St Barth\u00e9lemy. Page 19. <a href=\"http:\/\/issuu.com\/pagesromandes\/docs\/handicap-point-com\/21?e=3367323\/1765899\" target=\"_blank\" rel=\"noopener noreferrer\">Lire le num\u00e9ro et l&rsquo;article sur le site Issuu<\/a> <a> &#8211; ou &#8211; <span style=\"font-size: 2em; color: #766661;\"> <i class=\"fas fa-file-pdf-o\"><\/i>\n<\/span><span style=\"font-size: 2em; color: #766661;\">\n<i class=\"fas fa-download\"><\/i>\n<\/span> <\/a><a href=\"https:\/\/www.cf-romandie.ch\/docs_pdf\/articles\/Pages_Romandes_4_sept-2010_p19.pdf\" target=\"_blank\" rel=\"noopener noreferrer\">Voir le document<\/a><\/li>\n<\/ul>\t\t\t\t\t\t\t\t<\/div>\n\t\t\t\t<\/div>\n\t\t\t\t\t<\/div>\n\t\t<\/div>\n\t\t\t\t\t<\/div>\n\t\t<\/section>\n\t\t\t\t<\/div>\n\t\t","protected":false},"excerpt":{"rendered":"<p>Articles Home Articles d&rsquo;auteurs autour du th\u00e8me de la CF et de la Psychophanie Date Mars 2018 Andr\u00e9 Baechler H\u00e9l\u00e8ne Chiot Nicola Chiot Martine Vonarburg Suisse Transhumance dans le monde de l\u2019autisme\u2026 Qui est le berger ? &#8211; Un cheminement hors des sentiers battus Un chapitre paru dans le livre \u00ab\u00a0Le Petit Bonheur &#8211; Transhumances [&hellip;]<\/p>\n","protected":false},"author":1,"featured_media":0,"parent":1004,"menu_order":0,"comment_status":"closed","ping_status":"closed","template":"","meta":{"_acf_changed":false,"footnotes":""},"class_list":["post-2657","page","type-page","status-publish","hentry"],"acf":[],"_links":{"self":[{"href":"https:\/\/www.cf-romandie.ch\/ncfrom\/wp-json\/wp\/v2\/pages\/2657","targetHints":{"allow":["GET"]}}],"collection":[{"href":"https:\/\/www.cf-romandie.ch\/ncfrom\/wp-json\/wp\/v2\/pages"}],"about":[{"href":"https:\/\/www.cf-romandie.ch\/ncfrom\/wp-json\/wp\/v2\/types\/page"}],"author":[{"embeddable":true,"href":"https:\/\/www.cf-romandie.ch\/ncfrom\/wp-json\/wp\/v2\/users\/1"}],"replies":[{"embeddable":true,"href":"https:\/\/www.cf-romandie.ch\/ncfrom\/wp-json\/wp\/v2\/comments?post=2657"}],"version-history":[{"count":35,"href":"https:\/\/www.cf-romandie.ch\/ncfrom\/wp-json\/wp\/v2\/pages\/2657\/revisions"}],"predecessor-version":[{"id":9599,"href":"https:\/\/www.cf-romandie.ch\/ncfrom\/wp-json\/wp\/v2\/pages\/2657\/revisions\/9599"}],"up":[{"embeddable":true,"href":"https:\/\/www.cf-romandie.ch\/ncfrom\/wp-json\/wp\/v2\/pages\/1004"}],"wp:attachment":[{"href":"https:\/\/www.cf-romandie.ch\/ncfrom\/wp-json\/wp\/v2\/media?parent=2657"}],"curies":[{"name":"wp","href":"https:\/\/api.w.org\/{rel}","templated":true}]}}