{"id":2880,"date":"2018-08-11T08:12:46","date_gmt":"2018-08-11T07:12:46","guid":{"rendered":"https:\/\/www.cf-romandie.ch\/ncfrom\/communication_pers_sans_langage\/informations_pers_sans_langage\/foire-aux-questions-copy"},"modified":"2023-02-19T09:14:17","modified_gmt":"2023-02-19T08:14:17","slug":"foire-aux-questions_perso_famille","status":"publish","type":"page","link":"https:\/\/www.cf-romandie.ch\/ncfrom\/communication_perso_famille\/foire-aux-questions_perso_famille","title":{"rendered":"Foire aux questions"},"content":{"rendered":"\t\t<div data-elementor-type=\"wp-page\" data-elementor-id=\"2880\" class=\"elementor elementor-2880\" data-elementor-post-type=\"page\">\n\t\t\t\t\t\t<section class=\"elementor-section elementor-top-section elementor-element elementor-element-03db6b9 elementor-section-boxed elementor-section-height-default elementor-section-height-default\" data-id=\"03db6b9\" data-element_type=\"section\" data-e-type=\"section\" data-settings=\"{&quot;background_background&quot;:&quot;classic&quot;}\">\n\t\t\t\t\t\t<div class=\"elementor-container elementor-column-gap-default\">\n\t\t\t\t\t<div class=\"elementor-column elementor-col-100 elementor-top-column elementor-element elementor-element-c3f3c6e\" data-id=\"c3f3c6e\" data-element_type=\"column\" data-e-type=\"column\">\n\t\t\t<div class=\"elementor-widget-wrap elementor-element-populated\">\n\t\t\t\t\t\t<section class=\"elementor-section elementor-inner-section elementor-element elementor-element-faf9110 elementor-section-height-min-height elementor-section-boxed elementor-section-height-default\" data-id=\"faf9110\" data-element_type=\"section\" data-e-type=\"section\">\n\t\t\t\t\t\t<div class=\"elementor-container elementor-column-gap-default\">\n\t\t\t\t\t<div class=\"elementor-column elementor-col-50 elementor-inner-column elementor-element elementor-element-b1fdf19\" data-id=\"b1fdf19\" data-element_type=\"column\" data-e-type=\"column\">\n\t\t\t<div class=\"elementor-widget-wrap elementor-element-populated\">\n\t\t\t\t\t\t<div class=\"elementor-element elementor-element-569ce66 elementor-widget elementor-widget-heading\" data-id=\"569ce66\" data-element_type=\"widget\" data-e-type=\"widget\" data-widget_type=\"heading.default\">\n\t\t\t\t<div class=\"elementor-widget-container\">\n\t\t\t\t\t<h4 class=\"elementor-heading-title elementor-size-default\">Foire aux questions<\/h4>\t\t\t\t<\/div>\n\t\t\t\t<\/div>\n\t\t\t\t\t<\/div>\n\t\t<\/div>\n\t\t\t\t<div class=\"elementor-column elementor-col-50 elementor-inner-column elementor-element elementor-element-7bdd80b\" data-id=\"7bdd80b\" data-element_type=\"column\" data-e-type=\"column\">\n\t\t\t<div class=\"elementor-widget-wrap elementor-element-populated\">\n\t\t\t\t\t\t<div class=\"elementor-element elementor-element-5ba9f1a elementor-widget elementor-widget-raven-search-form\" data-id=\"5ba9f1a\" data-element_type=\"widget\" data-e-type=\"widget\" data-settings=\"{&quot;_skin&quot;:&quot;classic&quot;}\" data-widget_type=\"raven-search-form.classic\">\n\t\t\t\t<div class=\"elementor-widget-container\">\n\t\t\t\t\t\t\t<form class=\"raven-search-form raven-search-form-classic\" method=\"get\" action=\"https:\/\/www.cf-romandie.ch\/ncfrom\/\" role=\"search\">\n\t\t\t<div class=\"raven-search-form-container\">\n\t\t\t\t<div class=\"raven-search-form-inner\">\n\t\t\t\t\t<label class=\"elementor-screen-only\" for=\"raven-search-form-input\">Search<\/label>\n\t\t\t\t\t<input id=\"raven-search-form-input\" class=\"raven-search-form-input\" type=\"search\" name=\"s\" placeholder=\"Rechercher...\" \/>\n\t\t\t\t\t\t\t\t\t\t\t\t\t\t\t\t\t\t<button class=\"raven-search-form-button raven-search-form-button-svg\" type=\"submit\" aria-label=\"Search\">\n\t\t\t\t\t\t\t\t\t<i class=\"fas fa-search\"><\/i>\t\t\t\t\t\t\t\t<\/button>\n\t\t\t\t\t\t\t\t\t\t\t\t\t\t\t\t\t<\/div>\n\t\t\t<\/div>\n\t\t<\/form>\n\t\t\t\t\t\t<\/div>\n\t\t\t\t<\/div>\n\t\t\t\t\t<\/div>\n\t\t<\/div>\n\t\t\t\t\t<\/div>\n\t\t<\/section>\n\t\t\t\t\t<\/div>\n\t\t<\/div>\n\t\t\t\t\t<\/div>\n\t\t<\/section>\n\t\t\t\t<section class=\"elementor-section elementor-top-section elementor-element elementor-element-c87fc6a elementor-section-full_width elementor-section-height-default elementor-section-height-default\" data-id=\"c87fc6a\" data-element_type=\"section\" data-e-type=\"section\" data-settings=\"{&quot;background_background&quot;:&quot;classic&quot;}\">\n\t\t\t\t\t\t<div class=\"elementor-container elementor-column-gap-default\">\n\t\t\t\t\t<div class=\"elementor-column elementor-col-100 elementor-top-column elementor-element elementor-element-bb0770d\" data-id=\"bb0770d\" data-element_type=\"column\" data-e-type=\"column\">\n\t\t\t<div class=\"elementor-widget-wrap elementor-element-populated\">\n\t\t\t\t\t\t<section class=\"elementor-section elementor-inner-section elementor-element elementor-element-20b194c elementor-section-boxed elementor-section-height-default elementor-section-height-default\" data-id=\"20b194c\" data-element_type=\"section\" data-e-type=\"section\">\n\t\t\t\t\t\t<div class=\"elementor-container elementor-column-gap-default\">\n\t\t\t\t\t<div class=\"elementor-column elementor-col-100 elementor-inner-column elementor-element elementor-element-ba3c3a3\" data-id=\"ba3c3a3\" data-element_type=\"column\" data-e-type=\"column\">\n\t\t\t<div class=\"elementor-widget-wrap elementor-element-populated\">\n\t\t\t\t\t\t<div class=\"elementor-element elementor-element-428d0e8 elementor-align-center elementor-widget elementor-widget-raven-breadcrumbs\" data-id=\"428d0e8\" data-element_type=\"widget\" data-e-type=\"widget\" data-widget_type=\"raven-breadcrumbs.default\">\n\t\t\t\t<div class=\"elementor-widget-container\">\n\t\t\t\t\t<div class=\"raven-breadcrumbs raven-breadcrumbs-default\"><div class=\"breadcrumb\">\t\t\t\t\t\t\t\t<div class=\"breadcrumb-item active\" aria-current=\"page\"><span>Home<\/span><\/div>\n\n\t\t\t\t<\/div><\/div>\t\t\t\t<\/div>\n\t\t\t\t<\/div>\n\t\t\t\t\t<\/div>\n\t\t<\/div>\n\t\t\t\t\t<\/div>\n\t\t<\/section>\n\t\t\t\t<div class=\"elementor-element elementor-element-e697999 elementor-nav-menu--dropdown-tablet elementor-nav-menu__text-align-aside elementor-nav-menu--toggle elementor-nav-menu--burger elementor-widget elementor-widget-nav-menu\" data-id=\"e697999\" data-element_type=\"widget\" data-e-type=\"widget\" data-settings=\"{&quot;layout&quot;:&quot;horizontal&quot;,&quot;submenu_icon&quot;:{&quot;value&quot;:&quot;&lt;i class=\\&quot;fas fa-caret-down\\&quot; aria-hidden=\\&quot;true\\&quot;&gt;&lt;\\\/i&gt;&quot;,&quot;library&quot;:&quot;fa-solid&quot;},&quot;toggle&quot;:&quot;burger&quot;}\" data-widget_type=\"nav-menu.default\">\n\t\t\t\t<div class=\"elementor-widget-container\">\n\t\t\t\t\t\t\t\t<nav aria-label=\"Menu\" class=\"elementor-nav-menu--main elementor-nav-menu__container elementor-nav-menu--layout-horizontal e--pointer-none\">\n\t\t\t\t<ul id=\"menu-1-e697999\" class=\"elementor-nav-menu\"><li class=\"menu-item menu-item-type-post_type menu-item-object-page menu-item-2579\"><a href=\"https:\/\/www.cf-romandie.ch\/ncfrom\/communication_perso_famille\" class=\"elementor-item\">Communication et d\u00e9veloppement personnel<\/a><\/li>\n<li class=\"menu-item menu-item-type-post_type menu-item-object-page menu-item-2964\"><a href=\"https:\/\/www.cf-romandie.ch\/ncfrom\/communication_perso_famille\/population_concernee_perso_famille\" class=\"elementor-item\">Personnes concern\u00e9es<\/a><\/li>\n<li class=\"menu-item menu-item-type-post_type menu-item-object-page menu-item-2582\"><a href=\"https:\/\/www.cf-romandie.ch\/ncfrom\/communication_perso_famille\/seance_pratique_perso_famille\" class=\"elementor-item\">Une s\u00e9ance en pratique<\/a><\/li>\n<li class=\"menu-item menu-item-type-post_type menu-item-object-page menu-item-2583\"><a href=\"https:\/\/www.cf-romandie.ch\/ncfrom\/communication_perso_famille\/temoignages_perso_famille\" class=\"elementor-item\">T\u00e9moignages<\/a><\/li>\n<li class=\"menu-item menu-item-type-post_type menu-item-object-page menu-item-2693\"><a href=\"https:\/\/www.cf-romandie.ch\/ncfrom\/communication_perso_famille\/bibliographie_perso_famille\" class=\"elementor-item\">Bibliographie<\/a><\/li>\n<li class=\"menu-item menu-item-type-post_type menu-item-object-page menu-item-2695\"><a href=\"https:\/\/www.cf-romandie.ch\/ncfrom\/communication_perso_famille\/articles_perso_famille\" class=\"elementor-item\">Articles<\/a><\/li>\n<li class=\"menu-item menu-item-type-post_type menu-item-object-page menu-item-2694\"><a href=\"https:\/\/www.cf-romandie.ch\/ncfrom\/communication_perso_famille\/conferences_perso_famille\" class=\"elementor-item\">Conf\u00e9rences<\/a><\/li>\n<li class=\"menu-item menu-item-type-post_type menu-item-object-page menu-item-2888\"><a href=\"https:\/\/www.cf-romandie.ch\/ncfrom\/communication_perso_famille\/foire-aux-questions_perso_famille\" class=\"elementor-item\">Foire aux questions<\/a><\/li>\n<\/ul>\t\t\t<\/nav>\n\t\t\t\t\t<div class=\"elementor-menu-toggle\" role=\"button\" tabindex=\"0\" aria-label=\"Permuter le menu\" aria-expanded=\"false\">\n\t\t\t<i aria-hidden=\"true\" role=\"presentation\" class=\"elementor-menu-toggle__icon--open eicon-menu-bar\"><\/i><i aria-hidden=\"true\" role=\"presentation\" class=\"elementor-menu-toggle__icon--close eicon-close\"><\/i>\t\t<\/div>\n\t\t\t\t\t<nav class=\"elementor-nav-menu--dropdown elementor-nav-menu__container\" aria-hidden=\"true\">\n\t\t\t\t<ul id=\"menu-2-e697999\" class=\"elementor-nav-menu\"><li class=\"menu-item menu-item-type-post_type menu-item-object-page menu-item-2579\"><a href=\"https:\/\/www.cf-romandie.ch\/ncfrom\/communication_perso_famille\" class=\"elementor-item\" tabindex=\"-1\">Communication et d\u00e9veloppement personnel<\/a><\/li>\n<li class=\"menu-item menu-item-type-post_type menu-item-object-page menu-item-2964\"><a href=\"https:\/\/www.cf-romandie.ch\/ncfrom\/communication_perso_famille\/population_concernee_perso_famille\" class=\"elementor-item\" tabindex=\"-1\">Personnes concern\u00e9es<\/a><\/li>\n<li class=\"menu-item menu-item-type-post_type menu-item-object-page menu-item-2582\"><a href=\"https:\/\/www.cf-romandie.ch\/ncfrom\/communication_perso_famille\/seance_pratique_perso_famille\" class=\"elementor-item\" tabindex=\"-1\">Une s\u00e9ance en pratique<\/a><\/li>\n<li class=\"menu-item menu-item-type-post_type menu-item-object-page menu-item-2583\"><a href=\"https:\/\/www.cf-romandie.ch\/ncfrom\/communication_perso_famille\/temoignages_perso_famille\" class=\"elementor-item\" tabindex=\"-1\">T\u00e9moignages<\/a><\/li>\n<li class=\"menu-item menu-item-type-post_type menu-item-object-page menu-item-2693\"><a href=\"https:\/\/www.cf-romandie.ch\/ncfrom\/communication_perso_famille\/bibliographie_perso_famille\" class=\"elementor-item\" tabindex=\"-1\">Bibliographie<\/a><\/li>\n<li class=\"menu-item menu-item-type-post_type menu-item-object-page menu-item-2695\"><a href=\"https:\/\/www.cf-romandie.ch\/ncfrom\/communication_perso_famille\/articles_perso_famille\" class=\"elementor-item\" tabindex=\"-1\">Articles<\/a><\/li>\n<li class=\"menu-item menu-item-type-post_type menu-item-object-page menu-item-2694\"><a href=\"https:\/\/www.cf-romandie.ch\/ncfrom\/communication_perso_famille\/conferences_perso_famille\" class=\"elementor-item\" tabindex=\"-1\">Conf\u00e9rences<\/a><\/li>\n<li class=\"menu-item menu-item-type-post_type menu-item-object-page menu-item-2888\"><a href=\"https:\/\/www.cf-romandie.ch\/ncfrom\/communication_perso_famille\/foire-aux-questions_perso_famille\" class=\"elementor-item\" tabindex=\"-1\">Foire aux questions<\/a><\/li>\n<\/ul>\t\t\t<\/nav>\n\t\t\t\t\t\t<\/div>\n\t\t\t\t<\/div>\n\t\t\t\t\t<\/div>\n\t\t<\/div>\n\t\t\t\t\t<\/div>\n\t\t<\/section>\n\t\t\t\t<section class=\"elementor-section elementor-top-section elementor-element elementor-element-d4ef536 elementor-section-boxed elementor-section-height-default elementor-section-height-default\" data-id=\"d4ef536\" data-element_type=\"section\" data-e-type=\"section\">\n\t\t\t\t\t\t<div class=\"elementor-container elementor-column-gap-default\">\n\t\t\t\t\t<div class=\"elementor-column elementor-col-100 elementor-top-column elementor-element elementor-element-c67bef0\" data-id=\"c67bef0\" data-element_type=\"column\" data-e-type=\"column\">\n\t\t\t<div class=\"elementor-widget-wrap elementor-element-populated\">\n\t\t\t\t\t\t<div class=\"elementor-element elementor-element-bda0bde elementor-widget elementor-widget-spacer\" data-id=\"bda0bde\" data-element_type=\"widget\" data-e-type=\"widget\" data-widget_type=\"spacer.default\">\n\t\t\t\t<div class=\"elementor-widget-container\">\n\t\t\t\t\t\t\t<div class=\"elementor-spacer\">\n\t\t\t<div class=\"elementor-spacer-inner\"><\/div>\n\t\t<\/div>\n\t\t\t\t\t\t<\/div>\n\t\t\t\t<\/div>\n\t\t\t\t<div class=\"elementor-element elementor-element-7344af4 elementor-widget elementor-widget-text-editor\" data-id=\"7344af4\" data-element_type=\"widget\" data-e-type=\"widget\" data-widget_type=\"text-editor.default\">\n\t\t\t\t<div class=\"elementor-widget-container\">\n\t\t\t\t\t\t\t\t\t<h2>Foire aux questions<\/h2>\t\t\t\t\t\t\t\t<\/div>\n\t\t\t\t<\/div>\n\t\t\t\t\t<\/div>\n\t\t<\/div>\n\t\t\t\t\t<\/div>\n\t\t<\/section>\n\t\t\t\t<section class=\"elementor-section elementor-top-section elementor-element elementor-element-f478d20 elementor-section-boxed elementor-section-height-default elementor-section-height-default\" data-id=\"f478d20\" data-element_type=\"section\" data-e-type=\"section\">\n\t\t\t\t\t\t<div class=\"elementor-container elementor-column-gap-default\">\n\t\t\t\t\t<div class=\"elementor-column elementor-col-100 elementor-top-column elementor-element elementor-element-32f3cc9\" data-id=\"32f3cc9\" data-element_type=\"column\" data-e-type=\"column\">\n\t\t\t<div class=\"elementor-widget-wrap elementor-element-populated\">\n\t\t\t\t\t\t<div class=\"elementor-element elementor-element-3f4aa9a elementor-widget elementor-widget-text-editor\" data-id=\"3f4aa9a\" data-element_type=\"widget\" data-e-type=\"widget\" data-widget_type=\"text-editor.default\">\n\t\t\t\t<div class=\"elementor-widget-container\">\n\t\t\t\t\t\t\t\t\t<p align=\"justify\">Cette foire aux questions rassemble divers renseignements pratiques relatifs \u00e0 la communication en facilitation.\n\n<p align=\"justify\">Si vous souhaitez nous poser des questions plus pr\u00e9cises ou personnelles, ainsi que nous faire part de vos remarques, vous pouvez le faire par le biais du lien suivant\u00a0:\t\t\t\t\t\t\t\t<\/div>\n\t\t\t\t<\/div>\n\t\t\t\t\t<\/div>\n\t\t<\/div>\n\t\t\t\t\t<\/div>\n\t\t<\/section>\n\t\t\t\t<section class=\"elementor-section elementor-top-section elementor-element elementor-element-d5293ed elementor-section-boxed elementor-section-height-default elementor-section-height-default\" data-id=\"d5293ed\" data-element_type=\"section\" data-e-type=\"section\">\n\t\t\t\t\t\t<div class=\"elementor-container elementor-column-gap-default\">\n\t\t\t\t\t<div class=\"elementor-column elementor-col-100 elementor-top-column elementor-element elementor-element-ad77904\" data-id=\"ad77904\" data-element_type=\"column\" data-e-type=\"column\">\n\t\t\t<div class=\"elementor-widget-wrap elementor-element-populated\">\n\t\t\t\t\t\t<div class=\"elementor-element elementor-element-492af59 elementor-align-center elementor-widget elementor-widget-button\" data-id=\"492af59\" data-element_type=\"widget\" data-e-type=\"widget\" data-widget_type=\"button.default\">\n\t\t\t\t<div class=\"elementor-widget-container\">\n\t\t\t\t\t\t\t\t\t<div class=\"elementor-button-wrapper\">\n\t\t\t\t\t<a class=\"elementor-button elementor-button-link elementor-size-sm\" href=\"https:\/\/www.cf-romandie.ch\/ncfrom\/nous-contacter\">\n\t\t\t\t\t\t<span class=\"elementor-button-content-wrapper\">\n\t\t\t\t\t\t\t\t\t<span class=\"elementor-button-text\">Envoyer un message<\/span>\n\t\t\t\t\t<\/span>\n\t\t\t\t\t<\/a>\n\t\t\t\t<\/div>\n\t\t\t\t\t\t\t\t<\/div>\n\t\t\t\t<\/div>\n\t\t\t\t\t<\/div>\n\t\t<\/div>\n\t\t\t\t\t<\/div>\n\t\t<\/section>\n\t\t\t\t<section class=\"elementor-section elementor-top-section elementor-element elementor-element-ee83db8 elementor-section-boxed elementor-section-height-default elementor-section-height-default\" data-id=\"ee83db8\" data-element_type=\"section\" data-e-type=\"section\">\n\t\t\t\t\t\t<div class=\"elementor-container elementor-column-gap-default\">\n\t\t\t\t\t<div class=\"elementor-column elementor-col-100 elementor-top-column elementor-element elementor-element-aaead77\" data-id=\"aaead77\" data-element_type=\"column\" data-e-type=\"column\">\n\t\t\t<div class=\"elementor-widget-wrap elementor-element-populated\">\n\t\t\t\t\t\t<div class=\"elementor-element elementor-element-7f33c47 elementor-widget elementor-widget-text-editor\" data-id=\"7f33c47\" data-element_type=\"widget\" data-e-type=\"widget\" data-widget_type=\"text-editor.default\">\n\t\t\t\t<div class=\"elementor-widget-container\">\n\t\t\t\t\t\t\t\t\tLe <em><a href=\"https:\/\/www.psychophanie.com\/\" target=\"_blank\" rel=\"noopener noreferrer\">site de Communiquer en Psychophanie (CeP) &#8211; Portail de la Psychophanie<\/a><\/em>\u00a0peut \u00e9galement vous renseigner.\t\t\t\t\t\t\t\t<\/div>\n\t\t\t\t<\/div>\n\t\t\t\t\t<\/div>\n\t\t<\/div>\n\t\t\t\t\t<\/div>\n\t\t<\/section>\n\t\t\t\t<section class=\"elementor-section elementor-top-section elementor-element elementor-element-a2c8314 elementor-section-boxed elementor-section-height-default elementor-section-height-default\" data-id=\"a2c8314\" data-element_type=\"section\" data-e-type=\"section\">\n\t\t\t\t\t\t<div class=\"elementor-container elementor-column-gap-default\">\n\t\t\t\t\t<div class=\"elementor-column elementor-col-100 elementor-top-column elementor-element elementor-element-b49e51d\" data-id=\"b49e51d\" data-element_type=\"column\" data-e-type=\"column\">\n\t\t\t<div class=\"elementor-widget-wrap elementor-element-populated\">\n\t\t\t\t\t\t<section class=\"elementor-section elementor-inner-section elementor-element elementor-element-53800d3 elementor-section-boxed elementor-section-height-default elementor-section-height-default\" data-id=\"53800d3\" data-element_type=\"section\" data-e-type=\"section\">\n\t\t\t\t\t\t<div class=\"elementor-container elementor-column-gap-default\">\n\t\t\t\t\t<div class=\"elementor-column elementor-col-50 elementor-inner-column elementor-element elementor-element-edc4a86\" data-id=\"edc4a86\" data-element_type=\"column\" data-e-type=\"column\">\n\t\t\t<div class=\"elementor-widget-wrap elementor-element-populated\">\n\t\t\t\t\t\t<div class=\"elementor-element elementor-element-200c040 elementor-view-default elementor-position-block-start elementor-mobile-position-block-start elementor-widget elementor-widget-icon-box\" data-id=\"200c040\" data-element_type=\"widget\" data-e-type=\"widget\" data-widget_type=\"icon-box.default\">\n\t\t\t\t<div class=\"elementor-widget-container\">\n\t\t\t\t\t\t\t<div class=\"elementor-icon-box-wrapper\">\n\n\t\t\t\t\t\t<div class=\"elementor-icon-box-icon\">\n\t\t\t\t<span  class=\"elementor-icon\">\n\t\t\t\t<i aria-hidden=\"true\" class=\"fas fa-hand-point-up\"><\/i>\t\t\t\t<\/span>\n\t\t\t<\/div>\n\t\t\t\n\t\t\t\t\t\t<div class=\"elementor-icon-box-content\">\n\n\t\t\t\t\t\t\t\t\t<h3 class=\"elementor-icon-box-title\">\n\t\t\t\t\t\t<span  >\n\t\t\t\t\t\t\tLa pratique\t\t\t\t\t\t<\/span>\n\t\t\t\t\t<\/h3>\n\t\t\t\t\n\t\t\t\t\n\t\t\t<\/div>\n\t\t\t\n\t\t<\/div>\n\t\t\t\t\t\t<\/div>\n\t\t\t\t<\/div>\n\t\t\t\t\t<\/div>\n\t\t<\/div>\n\t\t\t\t<div class=\"elementor-column elementor-col-50 elementor-inner-column elementor-element elementor-element-c1629fc\" data-id=\"c1629fc\" data-element_type=\"column\" data-e-type=\"column\">\n\t\t\t<div class=\"elementor-widget-wrap elementor-element-populated\">\n\t\t\t\t\t\t<div class=\"elementor-element elementor-element-99c6a64 elementor-widget elementor-widget-toggle\" data-id=\"99c6a64\" data-element_type=\"widget\" data-e-type=\"widget\" data-widget_type=\"toggle.default\">\n\t\t\t\t<div class=\"elementor-widget-container\">\n\t\t\t\t\t\t\t<div class=\"elementor-toggle\">\n\t\t\t\t\t\t\t<div class=\"elementor-toggle-item\">\n\t\t\t\t\t<div id=\"elementor-tab-title-1611\" class=\"elementor-tab-title\" data-tab=\"1\" role=\"button\" aria-controls=\"elementor-tab-content-1611\" aria-expanded=\"false\">\n\t\t\t\t\t\t\t\t\t\t\t\t<span class=\"elementor-toggle-icon elementor-toggle-icon-left\" aria-hidden=\"true\">\n\t\t\t\t\t\t\t\t\t\t\t\t\t\t\t<span class=\"elementor-toggle-icon-closed\"><i class=\"fas fa-caret-square-down\"><\/i><\/span>\n\t\t\t\t\t\t\t\t<span class=\"elementor-toggle-icon-opened\"><i class=\"elementor-toggle-icon-opened fas fa-caret-square-up\"><\/i><\/span>\n\t\t\t\t\t\t\t\t\t\t\t\t\t<\/span>\n\t\t\t\t\t\t\t\t\t\t\t\t<a class=\"elementor-toggle-title\" tabindex=\"0\">Qu\u2019est-ce que la communication en facilitation ?<\/a>\n\t\t\t\t\t<\/div>\n\n\t\t\t\t\t<div id=\"elementor-tab-content-1611\" class=\"elementor-tab-content elementor-clearfix\" data-tab=\"1\" role=\"region\" aria-labelledby=\"elementor-tab-title-1611\"><p align=\"justify\"><strong>Qu\u2019est-ce que la communication en facilitation ?\u00a0<\/strong><\/p>\n<p align=\"justify\">La communication en facilitation est un moyen alternatif de communication. Bien qu\u2019ayant d\u2019abord \u00e9t\u00e9 mise au service des personnes en grande difficult\u00e9 d\u2019expression verbale, elle est \u00e9galement b\u00e9n\u00e9fique \u00e0 tout un chacun (adultes, adolescents, enfants).\n\n<p align=\"justify\">Sa particularit\u00e9 est de se pratiquer \u00e0 deux, la personne facilitante \u00e9tant assise \u00e0 c\u00f4t\u00e9 de la personne facilit\u00e9e. Le\/la facilitant\/e, en \u00e9tat de l\u00e2cher-prise, d\u2019empathie et d\u2019\u00e9coute subtile, accompagne le geste de la personne facilit\u00e9e : ainsi \u00e0 l\u2019\u00e9coute de son moi int\u00e9rieur, cette derni\u00e8re peut exprimer en mots sur un clavier alphab\u00e9tique ses aspirations et son v\u00e9cu profonds. Cette pratique permet d\u2019acc\u00e9der plus ais\u00e9ment \u00e0 ses ressentis et \u00e9motions que par le raisonnement et la parole.<\/div>\n\t\t\t\t<\/div>\n\t\t\t\t\t\t\t<div class=\"elementor-toggle-item\">\n\t\t\t\t\t<div id=\"elementor-tab-title-1612\" class=\"elementor-tab-title\" data-tab=\"2\" role=\"button\" aria-controls=\"elementor-tab-content-1612\" aria-expanded=\"false\">\n\t\t\t\t\t\t\t\t\t\t\t\t<span class=\"elementor-toggle-icon elementor-toggle-icon-left\" aria-hidden=\"true\">\n\t\t\t\t\t\t\t\t\t\t\t\t\t\t\t<span class=\"elementor-toggle-icon-closed\"><i class=\"fas fa-caret-square-down\"><\/i><\/span>\n\t\t\t\t\t\t\t\t<span class=\"elementor-toggle-icon-opened\"><i class=\"elementor-toggle-icon-opened fas fa-caret-square-up\"><\/i><\/span>\n\t\t\t\t\t\t\t\t\t\t\t\t\t<\/span>\n\t\t\t\t\t\t\t\t\t\t\t\t<a class=\"elementor-toggle-title\" tabindex=\"0\">Qui peut b\u00e9n\u00e9ficier de la communication en facilitation ?<\/a>\n\t\t\t\t\t<\/div>\n\n\t\t\t\t\t<div id=\"elementor-tab-content-1612\" class=\"elementor-tab-content elementor-clearfix\" data-tab=\"2\" role=\"region\" aria-labelledby=\"elementor-tab-title-1612\"><p align=\"justify\"><strong>Qui peut b\u00e9n\u00e9ficier de la communication en facilitation ?\n<\/strong><\/p>\n<p align=\"justify\">La pratique de la communication en facilitation peut \u00eatre b\u00e9n\u00e9fique :\n<ul>\n \t<li>aux personnes confront\u00e9es \u00e0 une situation de vie difficile (personnelle, familiale, de travail,\u00a0 \u2026) ;<\/li>\n \t<li>aux personnes engag\u00e9es dans une d\u00e9marche de d\u00e9veloppement personnel ;<\/li>\n \t<li>aux personnes en grande difficult\u00e9 d\u2019expression langagi\u00e8re (quel que soit leur handicap).<\/li>\n<\/ul><\/div>\n\t\t\t\t<\/div>\n\t\t\t\t\t\t\t<div class=\"elementor-toggle-item\">\n\t\t\t\t\t<div id=\"elementor-tab-title-1613\" class=\"elementor-tab-title\" data-tab=\"3\" role=\"button\" aria-controls=\"elementor-tab-content-1613\" aria-expanded=\"false\">\n\t\t\t\t\t\t\t\t\t\t\t\t<span class=\"elementor-toggle-icon elementor-toggle-icon-left\" aria-hidden=\"true\">\n\t\t\t\t\t\t\t\t\t\t\t\t\t\t\t<span class=\"elementor-toggle-icon-closed\"><i class=\"fas fa-caret-square-down\"><\/i><\/span>\n\t\t\t\t\t\t\t\t<span class=\"elementor-toggle-icon-opened\"><i class=\"elementor-toggle-icon-opened fas fa-caret-square-up\"><\/i><\/span>\n\t\t\t\t\t\t\t\t\t\t\t\t\t<\/span>\n\t\t\t\t\t\t\t\t\t\t\t\t<a class=\"elementor-toggle-title\" tabindex=\"0\">Comment se d\u00e9roule une s\u00e9ance de facilitation ?<\/a>\n\t\t\t\t\t<\/div>\n\n\t\t\t\t\t<div id=\"elementor-tab-content-1613\" class=\"elementor-tab-content elementor-clearfix\" data-tab=\"3\" role=\"region\" aria-labelledby=\"elementor-tab-title-1613\"><p align=\"justify\"><strong>Comment se d\u00e9roule une s\u00e9ance de facilitation ?<\/strong><\/p>\n<p align=\"justify\">La communication en facilitation se pratique \u00e0 deux : la personne aidante (form\u00e9e \u00e0 la facilitation et dite facilitante) accompagne le geste de la personne aid\u00e9e (le\/la facilit\u00e9\/e) qui est assise \u00e0 ses c\u00f4t\u00e9s : celle-ci peut alors mettre en mots sur un clavier alphab\u00e9tique des \u00e9crits lib\u00e9rateurs qui lui font entre autres d\u00e9couvrir une nouvelle facette de sa personnalit\u00e9.<\/p><\/div>\n\t\t\t\t<\/div>\n\t\t\t\t\t\t\t<div class=\"elementor-toggle-item\">\n\t\t\t\t\t<div id=\"elementor-tab-title-1614\" class=\"elementor-tab-title\" data-tab=\"4\" role=\"button\" aria-controls=\"elementor-tab-content-1614\" aria-expanded=\"false\">\n\t\t\t\t\t\t\t\t\t\t\t\t<span class=\"elementor-toggle-icon elementor-toggle-icon-left\" aria-hidden=\"true\">\n\t\t\t\t\t\t\t\t\t\t\t\t\t\t\t<span class=\"elementor-toggle-icon-closed\"><i class=\"fas fa-caret-square-down\"><\/i><\/span>\n\t\t\t\t\t\t\t\t<span class=\"elementor-toggle-icon-opened\"><i class=\"elementor-toggle-icon-opened fas fa-caret-square-up\"><\/i><\/span>\n\t\t\t\t\t\t\t\t\t\t\t\t\t<\/span>\n\t\t\t\t\t\t\t\t\t\t\t\t<a class=\"elementor-toggle-title\" tabindex=\"0\">Qu\u2019est-ce qu\u2019une personne facilitante et une personne facilit\u00e9e\u00a0?<\/a>\n\t\t\t\t\t<\/div>\n\n\t\t\t\t\t<div id=\"elementor-tab-content-1614\" class=\"elementor-tab-content elementor-clearfix\" data-tab=\"4\" role=\"region\" aria-labelledby=\"elementor-tab-title-1614\"><p align=\"justify\"><strong>Qu\u2019est-ce qu\u2019une personne facilitante et une personne facilit\u00e9e\u00a0?<\/strong><\/p>\n<p align=\"justify\"><strong>La personne facilitante<\/strong> s\u2019est form\u00e9e \u00e0 la communication facilit\u00e9e en suivant le cursus de formation \u00e9labor\u00e9 par l\u2019Ecole Formaphanie. Elle est alors \u00e0 m\u00eame de proposer son accompagnement aux adultes, aux adolescents, aux enfants, afin de les aider \u00e0 acc\u00e9der \u00e0 leur moi profond plus ais\u00e9ment que par la parole et le raisonnement.<\/p>\n<p align=\"justify\"><strong>La personne facilit\u00e9e<\/strong> est accompagn\u00e9e par la personne facilitante dans le geste de facilitation\u00a0; les ressentis et \u00e9motions, besoins profonds de la personne facilit\u00e9e peuvent alors se mettre en \u00e9crit sur un clavier alphab\u00e9tique.<\/p><\/div>\n\t\t\t\t<\/div>\n\t\t\t\t\t\t\t<div class=\"elementor-toggle-item\">\n\t\t\t\t\t<div id=\"elementor-tab-title-1615\" class=\"elementor-tab-title\" data-tab=\"5\" role=\"button\" aria-controls=\"elementor-tab-content-1615\" aria-expanded=\"false\">\n\t\t\t\t\t\t\t\t\t\t\t\t<span class=\"elementor-toggle-icon elementor-toggle-icon-left\" aria-hidden=\"true\">\n\t\t\t\t\t\t\t\t\t\t\t\t\t\t\t<span class=\"elementor-toggle-icon-closed\"><i class=\"fas fa-caret-square-down\"><\/i><\/span>\n\t\t\t\t\t\t\t\t<span class=\"elementor-toggle-icon-opened\"><i class=\"elementor-toggle-icon-opened fas fa-caret-square-up\"><\/i><\/span>\n\t\t\t\t\t\t\t\t\t\t\t\t\t<\/span>\n\t\t\t\t\t\t\t\t\t\t\t\t<a class=\"elementor-toggle-title\" tabindex=\"0\">Quels b\u00e9n\u00e9fices apporte la communication en facilitation ?<\/a>\n\t\t\t\t\t<\/div>\n\n\t\t\t\t\t<div id=\"elementor-tab-content-1615\" class=\"elementor-tab-content elementor-clearfix\" data-tab=\"5\" role=\"region\" aria-labelledby=\"elementor-tab-title-1615\"><p align=\"justify\"><strong>Quels b\u00e9n\u00e9fices apporte la communication en facilitation ?<\/strong><\/p>\n<p align=\"justify\">La communication en facilitation ne pr\u00e9tend en aucun cas gu\u00e9rir une quelconque affection ou handicap.\n\n<p align=\"justify\">En revanche, la possibilit\u00e9 de pouvoir exprimer des v\u00e9cus souvent profond\u00e9ment enfouis est susceptible d\u2019apporter \u00e0 tout un chacun un meilleur confort de vie.\n\n<p align=\"justify\">La mise en mots sur un clavier alphab\u00e9tique de son v\u00e9cu profond, actuel ou pass\u00e9, a une action lib\u00e9ratrice qui am\u00e8ne \u00e0 un mieux-\u00eatre, un apaisement de la personne facilit\u00e9e remarqu\u00e9s tant par la personne elle-m\u00eame que par son entourage.<\/div>\n\t\t\t\t<\/div>\n\t\t\t\t\t\t\t<div class=\"elementor-toggle-item\">\n\t\t\t\t\t<div id=\"elementor-tab-title-1616\" class=\"elementor-tab-title\" data-tab=\"6\" role=\"button\" aria-controls=\"elementor-tab-content-1616\" aria-expanded=\"false\">\n\t\t\t\t\t\t\t\t\t\t\t\t<span class=\"elementor-toggle-icon elementor-toggle-icon-left\" aria-hidden=\"true\">\n\t\t\t\t\t\t\t\t\t\t\t\t\t\t\t<span class=\"elementor-toggle-icon-closed\"><i class=\"fas fa-caret-square-down\"><\/i><\/span>\n\t\t\t\t\t\t\t\t<span class=\"elementor-toggle-icon-opened\"><i class=\"elementor-toggle-icon-opened fas fa-caret-square-up\"><\/i><\/span>\n\t\t\t\t\t\t\t\t\t\t\t\t\t<\/span>\n\t\t\t\t\t\t\t\t\t\t\t\t<a class=\"elementor-toggle-title\" tabindex=\"0\">La communication en facilitation a-t-elle diff\u00e9rentes formes ?<\/a>\n\t\t\t\t\t<\/div>\n\n\t\t\t\t\t<div id=\"elementor-tab-content-1616\" class=\"elementor-tab-content elementor-clearfix\" data-tab=\"6\" role=\"region\" aria-labelledby=\"elementor-tab-title-1616\"><p align=\"justify\"><strong>La communication en facilitation a-t-elle diff\u00e9rentes formes ?<\/strong>\n\n<p align=\"justify\">Sous le terme de communication facilit\u00e9e sont regroup\u00e9es diff\u00e9rentes pratiques\u00a0:\n<ul>\n \t<li>la Psychophanie<\/li>\n \t<li>la Communication Facilit\u00e9e<\/li>\n \t<li>le geste facilit\u00e9<\/li>\n \t<li>la peinture facilit\u00e9e et le dessin facilit\u00e9<\/li>\n<\/ul>\n<p align=\"left\">Pour en savoir plus, voir la page <a href=\"https:\/\/www.cf-romandie.ch\/ncfrom\/pratiques\">Pratiques<\/a><\/div>\n\t\t\t\t<\/div>\n\t\t\t\t\t\t\t<div class=\"elementor-toggle-item\">\n\t\t\t\t\t<div id=\"elementor-tab-title-1617\" class=\"elementor-tab-title\" data-tab=\"7\" role=\"button\" aria-controls=\"elementor-tab-content-1617\" aria-expanded=\"false\">\n\t\t\t\t\t\t\t\t\t\t\t\t<span class=\"elementor-toggle-icon elementor-toggle-icon-left\" aria-hidden=\"true\">\n\t\t\t\t\t\t\t\t\t\t\t\t\t\t\t<span class=\"elementor-toggle-icon-closed\"><i class=\"fas fa-caret-square-down\"><\/i><\/span>\n\t\t\t\t\t\t\t\t<span class=\"elementor-toggle-icon-opened\"><i class=\"elementor-toggle-icon-opened fas fa-caret-square-up\"><\/i><\/span>\n\t\t\t\t\t\t\t\t\t\t\t\t\t<\/span>\n\t\t\t\t\t\t\t\t\t\t\t\t<a class=\"elementor-toggle-title\" tabindex=\"0\">Qui s'exprime en facilitation ?<\/a>\n\t\t\t\t\t<\/div>\n\n\t\t\t\t\t<div id=\"elementor-tab-content-1617\" class=\"elementor-tab-content elementor-clearfix\" data-tab=\"7\" role=\"region\" aria-labelledby=\"elementor-tab-title-1617\"><p align=\"justify\"><strong>Qui s&rsquo;exprime en facilitation ?<\/strong><\/p>\n<p align=\"justify\">Dans ce qu\u2019elle exprime sur le clavier alphab\u00e9tique, la personne facilit\u00e9e laisse apparaitre ses questionnements, ses aspirations profondes ; \u00e0 la lecture de ses \u00e9crits, elle les reconnait comme faisant partie de son v\u00e9cu personnel et familial (actuel ou pass\u00e9) et de sa personnalit\u00e9.<\/p><\/div>\n\t\t\t\t<\/div>\n\t\t\t\t\t\t\t<div class=\"elementor-toggle-item\">\n\t\t\t\t\t<div id=\"elementor-tab-title-1618\" class=\"elementor-tab-title\" data-tab=\"8\" role=\"button\" aria-controls=\"elementor-tab-content-1618\" aria-expanded=\"false\">\n\t\t\t\t\t\t\t\t\t\t\t\t<span class=\"elementor-toggle-icon elementor-toggle-icon-left\" aria-hidden=\"true\">\n\t\t\t\t\t\t\t\t\t\t\t\t\t\t\t<span class=\"elementor-toggle-icon-closed\"><i class=\"fas fa-caret-square-down\"><\/i><\/span>\n\t\t\t\t\t\t\t\t<span class=\"elementor-toggle-icon-opened\"><i class=\"elementor-toggle-icon-opened fas fa-caret-square-up\"><\/i><\/span>\n\t\t\t\t\t\t\t\t\t\t\t\t\t<\/span>\n\t\t\t\t\t\t\t\t\t\t\t\t<a class=\"elementor-toggle-title\" tabindex=\"0\">Qu'est-ce qu'une validation ?<\/a>\n\t\t\t\t\t<\/div>\n\n\t\t\t\t\t<div id=\"elementor-tab-content-1618\" class=\"elementor-tab-content elementor-clearfix\" data-tab=\"8\" role=\"region\" aria-labelledby=\"elementor-tab-title-1618\"><p align=\"justify\"><strong>Qu&rsquo;est-ce qu&rsquo;une validation ?<\/strong>\n\n<p align=\"justify\">Une validation est un message exprim\u00e9 par la personne facilit\u00e9e et dont le contenu \u00e9tait totalement inconnu de la personne facilitante\u00a0; il est reconnu comme authentique et correspondant au v\u00e9cu de la personne facilit\u00e9e.<\/div>\n\t\t\t\t<\/div>\n\t\t\t\t\t\t\t<div class=\"elementor-toggle-item\">\n\t\t\t\t\t<div id=\"elementor-tab-title-1619\" class=\"elementor-tab-title\" data-tab=\"9\" role=\"button\" aria-controls=\"elementor-tab-content-1619\" aria-expanded=\"false\">\n\t\t\t\t\t\t\t\t\t\t\t\t<span class=\"elementor-toggle-icon elementor-toggle-icon-left\" aria-hidden=\"true\">\n\t\t\t\t\t\t\t\t\t\t\t\t\t\t\t<span class=\"elementor-toggle-icon-closed\"><i class=\"fas fa-caret-square-down\"><\/i><\/span>\n\t\t\t\t\t\t\t\t<span class=\"elementor-toggle-icon-opened\"><i class=\"elementor-toggle-icon-opened fas fa-caret-square-up\"><\/i><\/span>\n\t\t\t\t\t\t\t\t\t\t\t\t\t<\/span>\n\t\t\t\t\t\t\t\t\t\t\t\t<a class=\"elementor-toggle-title\" tabindex=\"0\">Pourquoi la communication en facilitation est-elle controvers\u00e9e ?<\/a>\n\t\t\t\t\t<\/div>\n\n\t\t\t\t\t<div id=\"elementor-tab-content-1619\" class=\"elementor-tab-content elementor-clearfix\" data-tab=\"9\" role=\"region\" aria-labelledby=\"elementor-tab-title-1619\"><p align=\"justify\"><strong>Pourquoi la communication en facilitation est-elle controvers\u00e9e ?<\/strong>\n\n<p align=\"justify\">La pratique de la communication en facilitation suscite la controverse du fait qu\u2019elle qu\u2019offre un moyen de s\u2019exprimer \u00e0 des personnes en grande difficult\u00e9 d\u2019expression verbale qui ont \u00e9t\u00e9 consid\u00e9r\u00e9es jusqu\u2019ici comme ne pouvant pas ou plus communiquer (situations de coma, de maladie d\u2019Alzheimer, de handicap mental s\u00e9v\u00e8re, de polyhandicap, d\u2019autisme, \u2026).\n\n<p align=\"justify\">La facilitation est une pratique simple, qui n\u00e9cessite l\u2019accompagnement d\u2019une personne facilitante form\u00e9e pour \u00eatre agissante. Mais son point faible est que la science ne peut en expliquer le fonctionnement avec les outils d\u2019observation qui sont les siens \u00e0 l\u2019heure actuelle.\n\n<p align=\"justify\">Le fait qu\u2019on en soit r\u00e9duit pour l\u2019instant au constat que, avec la communication en facilitation \u00ab il se passe bien quelque chose, mais d\u2019inexplicable \u00bb permet aux sceptiques de critiquer \u2013 voire de rejeter parfois violemment \u2013 cette pratique, l\u2019accusant de relever du charlatanisme, ou d\u2019un apparentement sectaire : il n\u2019en est bien \u00e9videmment rien.\n\n<p align=\"justify\">Au final, on peut souligner que la communication en facilitation, pratiqu\u00e9e par des personnes form\u00e9es et exp\u00e9riment\u00e9es, n\u2019est en aucun cas nuisible : au pire elle n\u2019am\u00e8ne pas d\u2019am\u00e9lioration. Mais dans leur grande majorit\u00e9, les personnes qui y ont eu recours \u2013 personnes facilit\u00e9es et entourage \u2013 en rel\u00e8vent tout le b\u00e9n\u00e9fice : le fait de pouvoir exprimer des besoins vitaux, de partager du v\u00e9cu avec son entourage et ainsi de pouvoir \u00e0 nouveau agir avec et sur son environnement, entraine un apaisement et un mieux-\u00eatre irrempla\u00e7ables.<\/div>\n\t\t\t\t<\/div>\n\t\t\t\t\t\t\t<div class=\"elementor-toggle-item\">\n\t\t\t\t\t<div id=\"elementor-tab-title-16110\" class=\"elementor-tab-title\" data-tab=\"10\" role=\"button\" aria-controls=\"elementor-tab-content-16110\" aria-expanded=\"false\">\n\t\t\t\t\t\t\t\t\t\t\t\t<span class=\"elementor-toggle-icon elementor-toggle-icon-left\" aria-hidden=\"true\">\n\t\t\t\t\t\t\t\t\t\t\t\t\t\t\t<span class=\"elementor-toggle-icon-closed\"><i class=\"fas fa-caret-square-down\"><\/i><\/span>\n\t\t\t\t\t\t\t\t<span class=\"elementor-toggle-icon-opened\"><i class=\"elementor-toggle-icon-opened fas fa-caret-square-up\"><\/i><\/span>\n\t\t\t\t\t\t\t\t\t\t\t\t\t<\/span>\n\t\t\t\t\t\t\t\t\t\t\t\t<a class=\"elementor-toggle-title\" tabindex=\"0\">La pratique de la communication en facilitation peut-elle \u00eatre dangereuse ?<\/a>\n\t\t\t\t\t<\/div>\n\n\t\t\t\t\t<div id=\"elementor-tab-content-16110\" class=\"elementor-tab-content elementor-clearfix\" data-tab=\"10\" role=\"region\" aria-labelledby=\"elementor-tab-title-16110\"><p align=\"justify\"><strong>La pratique de la communication en facilitation peut-elle \u00eatre dangereuse ?<\/strong><\/p>\n<p align=\"justify\">Pratiqu\u00e9e par une personne facilitante exp\u00e9riment\u00e9e ayant suivi le cursus de formation \u00e9labor\u00e9 par l\u2019Ecole Formaphanie, la facilitation est sans danger.\u00a0Toutefois, pratiqu\u00e9e par des personnes n\u2019ayant pas la formation et l\u2019exp\u00e9rience n\u00e9cessaires, elle pourrait aboutir \u00e0 des interpr\u00e9tations erron\u00e9es et tendancieuses, nuisibles tant pour la personne facilit\u00e9e que pour son entourage.<\/p><\/div>\n\t\t\t\t<\/div>\n\t\t\t\t\t\t\t\t<\/div>\n\t\t\t\t\t\t<\/div>\n\t\t\t\t<\/div>\n\t\t\t\t\t<\/div>\n\t\t<\/div>\n\t\t\t\t\t<\/div>\n\t\t<\/section>\n\t\t\t\t\t<\/div>\n\t\t<\/div>\n\t\t\t\t\t<\/div>\n\t\t<\/section>\n\t\t\t\t<section class=\"elementor-section elementor-top-section elementor-element elementor-element-d765d36 elementor-section-boxed elementor-section-height-default elementor-section-height-default\" data-id=\"d765d36\" data-element_type=\"section\" data-e-type=\"section\">\n\t\t\t\t\t\t<div class=\"elementor-container elementor-column-gap-default\">\n\t\t\t\t\t<div class=\"elementor-column elementor-col-100 elementor-top-column elementor-element elementor-element-9e319c2\" data-id=\"9e319c2\" data-element_type=\"column\" data-e-type=\"column\">\n\t\t\t<div class=\"elementor-widget-wrap elementor-element-populated\">\n\t\t\t\t\t\t<section class=\"elementor-section elementor-inner-section elementor-element elementor-element-54a722e elementor-section-boxed elementor-section-height-default elementor-section-height-default\" data-id=\"54a722e\" data-element_type=\"section\" data-e-type=\"section\">\n\t\t\t\t\t\t<div class=\"elementor-container elementor-column-gap-default\">\n\t\t\t\t\t<div class=\"elementor-column elementor-col-50 elementor-inner-column elementor-element elementor-element-c5ed4e0\" data-id=\"c5ed4e0\" data-element_type=\"column\" data-e-type=\"column\">\n\t\t\t<div class=\"elementor-widget-wrap elementor-element-populated\">\n\t\t\t\t\t\t<div class=\"elementor-element elementor-element-06b7512 elementor-view-default elementor-position-block-start elementor-mobile-position-block-start elementor-widget elementor-widget-icon-box\" data-id=\"06b7512\" data-element_type=\"widget\" data-e-type=\"widget\" data-widget_type=\"icon-box.default\">\n\t\t\t\t<div class=\"elementor-widget-container\">\n\t\t\t\t\t\t\t<div class=\"elementor-icon-box-wrapper\">\n\n\t\t\t\t\t\t<div class=\"elementor-icon-box-icon\">\n\t\t\t\t<span  class=\"elementor-icon\">\n\t\t\t\t<i aria-hidden=\"true\" class=\"fas fa-money-bill-wave\"><\/i>\t\t\t\t<\/span>\n\t\t\t<\/div>\n\t\t\t\n\t\t\t\t\t\t<div class=\"elementor-icon-box-content\">\n\n\t\t\t\t\t\t\t\t\t<h3 class=\"elementor-icon-box-title\">\n\t\t\t\t\t\t<span  >\n\t\t\t\t\t\t\tFinancement\t\t\t\t\t\t<\/span>\n\t\t\t\t\t<\/h3>\n\t\t\t\t\n\t\t\t\t\n\t\t\t<\/div>\n\t\t\t\n\t\t<\/div>\n\t\t\t\t\t\t<\/div>\n\t\t\t\t<\/div>\n\t\t\t\t\t<\/div>\n\t\t<\/div>\n\t\t\t\t<div class=\"elementor-column elementor-col-50 elementor-inner-column elementor-element elementor-element-4779ce8\" data-id=\"4779ce8\" data-element_type=\"column\" data-e-type=\"column\">\n\t\t\t<div class=\"elementor-widget-wrap elementor-element-populated\">\n\t\t\t\t\t\t<div class=\"elementor-element elementor-element-b181304 elementor-widget elementor-widget-toggle\" data-id=\"b181304\" data-element_type=\"widget\" data-e-type=\"widget\" data-widget_type=\"toggle.default\">\n\t\t\t\t<div class=\"elementor-widget-container\">\n\t\t\t\t\t\t\t<div class=\"elementor-toggle\">\n\t\t\t\t\t\t\t<div class=\"elementor-toggle-item\">\n\t\t\t\t\t<div id=\"elementor-tab-title-1861\" class=\"elementor-tab-title\" data-tab=\"1\" role=\"button\" aria-controls=\"elementor-tab-content-1861\" aria-expanded=\"false\">\n\t\t\t\t\t\t\t\t\t\t\t\t<span class=\"elementor-toggle-icon elementor-toggle-icon-left\" aria-hidden=\"true\">\n\t\t\t\t\t\t\t\t\t\t\t\t\t\t\t<span class=\"elementor-toggle-icon-closed\"><i class=\"fas fa-caret-square-down\"><\/i><\/span>\n\t\t\t\t\t\t\t\t<span class=\"elementor-toggle-icon-opened\"><i class=\"elementor-toggle-icon-opened fas fa-caret-square-up\"><\/i><\/span>\n\t\t\t\t\t\t\t\t\t\t\t\t\t<\/span>\n\t\t\t\t\t\t\t\t\t\t\t\t<a class=\"elementor-toggle-title\" tabindex=\"0\">Les s\u00e9ances de communication en facilitation sont-elles subventionn\u00e9es officiellement en Suisse ?<\/a>\n\t\t\t\t\t<\/div>\n\n\t\t\t\t\t<div id=\"elementor-tab-content-1861\" class=\"elementor-tab-content elementor-clearfix\" data-tab=\"1\" role=\"region\" aria-labelledby=\"elementor-tab-title-1861\"><p align=\"justify\"><strong>Les s\u00e9ances de communication en facilitation sont-elles subventionn\u00e9es officiellement en Suisse ?<\/strong><\/p>\n<p align=\"justify\">A notre connaissance, les assurances sociales ne couvrent pas les frais des s\u00e9ances de Communication Facilit\u00e9e ou de Psychophanie, en tant que telles, en Suisse. Cependant, si elles sont incluses dans des s\u00e9ances de logop\u00e9die ou de psychoth\u00e9rapie reconnues et subventionn\u00e9es, cela reste possible. <\/div>\n\t\t\t\t<\/div>\n\t\t\t\t\t\t\t\t<\/div>\n\t\t\t\t\t\t<\/div>\n\t\t\t\t<\/div>\n\t\t\t\t\t<\/div>\n\t\t<\/div>\n\t\t\t\t\t<\/div>\n\t\t<\/section>\n\t\t\t\t\t<\/div>\n\t\t<\/div>\n\t\t\t\t\t<\/div>\n\t\t<\/section>\n\t\t\t\t<section class=\"elementor-section elementor-top-section elementor-element elementor-element-a0776c2 elementor-section-boxed elementor-section-height-default elementor-section-height-default\" data-id=\"a0776c2\" data-element_type=\"section\" data-e-type=\"section\">\n\t\t\t\t\t\t<div class=\"elementor-container elementor-column-gap-default\">\n\t\t\t\t\t<div class=\"elementor-column elementor-col-100 elementor-top-column elementor-element elementor-element-dd1a254\" data-id=\"dd1a254\" data-element_type=\"column\" data-e-type=\"column\">\n\t\t\t<div class=\"elementor-widget-wrap elementor-element-populated\">\n\t\t\t\t\t\t<section class=\"elementor-section elementor-inner-section elementor-element elementor-element-2e28500 elementor-section-boxed elementor-section-height-default elementor-section-height-default\" data-id=\"2e28500\" data-element_type=\"section\" data-e-type=\"section\">\n\t\t\t\t\t\t<div class=\"elementor-container elementor-column-gap-default\">\n\t\t\t\t\t<div class=\"elementor-column elementor-col-50 elementor-inner-column elementor-element elementor-element-ac31211\" data-id=\"ac31211\" data-element_type=\"column\" data-e-type=\"column\">\n\t\t\t<div class=\"elementor-widget-wrap elementor-element-populated\">\n\t\t\t\t\t\t<div class=\"elementor-element elementor-element-73e33fb elementor-view-default elementor-position-block-start elementor-mobile-position-block-start elementor-widget elementor-widget-icon-box\" data-id=\"73e33fb\" data-element_type=\"widget\" data-e-type=\"widget\" data-widget_type=\"icon-box.default\">\n\t\t\t\t<div class=\"elementor-widget-container\">\n\t\t\t\t\t\t\t<div class=\"elementor-icon-box-wrapper\">\n\n\t\t\t\t\t\t<div class=\"elementor-icon-box-icon\">\n\t\t\t\t<span  class=\"elementor-icon\">\n\t\t\t\t<i aria-hidden=\"true\" class=\"fas fa-user\"><\/i>\t\t\t\t<\/span>\n\t\t\t<\/div>\n\t\t\t\n\t\t\t\t\t\t<div class=\"elementor-icon-box-content\">\n\n\t\t\t\t\t\t\t\t\t<h3 class=\"elementor-icon-box-title\">\n\t\t\t\t\t\t<span  >\n\t\t\t\t\t\t\tLes facilitants\t\t\t\t\t\t<\/span>\n\t\t\t\t\t<\/h3>\n\t\t\t\t\n\t\t\t\t\n\t\t\t<\/div>\n\t\t\t\n\t\t<\/div>\n\t\t\t\t\t\t<\/div>\n\t\t\t\t<\/div>\n\t\t\t\t\t<\/div>\n\t\t<\/div>\n\t\t\t\t<div class=\"elementor-column elementor-col-50 elementor-inner-column elementor-element elementor-element-30e069d\" data-id=\"30e069d\" data-element_type=\"column\" data-e-type=\"column\">\n\t\t\t<div class=\"elementor-widget-wrap elementor-element-populated\">\n\t\t\t\t\t\t<div class=\"elementor-element elementor-element-5b2eb0f elementor-widget elementor-widget-toggle\" data-id=\"5b2eb0f\" data-element_type=\"widget\" data-e-type=\"widget\" data-widget_type=\"toggle.default\">\n\t\t\t\t<div class=\"elementor-widget-container\">\n\t\t\t\t\t\t\t<div class=\"elementor-toggle\">\n\t\t\t\t\t\t\t<div class=\"elementor-toggle-item\">\n\t\t\t\t\t<div id=\"elementor-tab-title-9561\" class=\"elementor-tab-title\" data-tab=\"1\" role=\"button\" aria-controls=\"elementor-tab-content-9561\" aria-expanded=\"false\">\n\t\t\t\t\t\t\t\t\t\t\t\t<span class=\"elementor-toggle-icon elementor-toggle-icon-left\" aria-hidden=\"true\">\n\t\t\t\t\t\t\t\t\t\t\t\t\t\t\t<span class=\"elementor-toggle-icon-closed\"><i class=\"fas fa-caret-square-down\"><\/i><\/span>\n\t\t\t\t\t\t\t\t<span class=\"elementor-toggle-icon-opened\"><i class=\"elementor-toggle-icon-opened fas fa-caret-square-up\"><\/i><\/span>\n\t\t\t\t\t\t\t\t\t\t\t\t\t<\/span>\n\t\t\t\t\t\t\t\t\t\t\t\t<a class=\"elementor-toggle-title\" tabindex=\"0\">Qui peut pratiquer la facilitation ?<\/a>\n\t\t\t\t\t<\/div>\n\n\t\t\t\t\t<div id=\"elementor-tab-content-9561\" class=\"elementor-tab-content elementor-clearfix\" data-tab=\"1\" role=\"region\" aria-labelledby=\"elementor-tab-title-9561\"><p align=\"justify\"><strong>Qui peut pratiquer la facilitation ?<\/strong><\/p>\n<p align=\"justify\">La communication en facilitation peut \u00eatre pratiqu\u00e9e par les personnes ayant suivi le cursus de formation \u00e9tabli par l&rsquo;Ecole Formaphanie, qui requiert \u00e9galement d\u2019avoir des notions ou une formation en relation d\u2019aide. Les personnes facilitantes doivent signer la Charte \u00e9tablie par CFTMPP\u2019 (voir <a href=\"https:\/\/www.cf-romandie.ch\/ncfrom\/pratiques\/charte-du-facilitant\">Charte<\/a>)\u00a0; en leur qualit\u00e9 de professionnelles, elles s\u2019engagent ainsi \u00e0 garantir aux personnes facilit\u00e9es qu\u2019elles re\u00e7oivent un cadre relationnel propice \u00e0 un \u00e9tat de confiance et de discr\u00e9tion, ainsi qu\u2019un partenariat respectueux.<\/p>\n<p align=\"left\">Une liste des facilitant\/e\/s est propos\u00e9e par CF-Romandie (voir <a href=\"https:\/\/www.cf-romandie.ch\/ncfrom\/communication_perso_famille\/praticiens_perso_famille\">liste des facilitants<\/a>).<\/p><\/div>\n\t\t\t\t<\/div>\n\t\t\t\t\t\t\t<div class=\"elementor-toggle-item\">\n\t\t\t\t\t<div id=\"elementor-tab-title-9562\" class=\"elementor-tab-title\" data-tab=\"2\" role=\"button\" aria-controls=\"elementor-tab-content-9562\" aria-expanded=\"false\">\n\t\t\t\t\t\t\t\t\t\t\t\t<span class=\"elementor-toggle-icon elementor-toggle-icon-left\" aria-hidden=\"true\">\n\t\t\t\t\t\t\t\t\t\t\t\t\t\t\t<span class=\"elementor-toggle-icon-closed\"><i class=\"fas fa-caret-square-down\"><\/i><\/span>\n\t\t\t\t\t\t\t\t<span class=\"elementor-toggle-icon-opened\"><i class=\"elementor-toggle-icon-opened fas fa-caret-square-up\"><\/i><\/span>\n\t\t\t\t\t\t\t\t\t\t\t\t\t<\/span>\n\t\t\t\t\t\t\t\t\t\t\t\t<a class=\"elementor-toggle-title\" tabindex=\"0\">O\u00f9 trouver un praticien form\u00e9 \u00e0 la facilitation\u00a0?<\/a>\n\t\t\t\t\t<\/div>\n\n\t\t\t\t\t<div id=\"elementor-tab-content-9562\" class=\"elementor-tab-content elementor-clearfix\" data-tab=\"2\" role=\"region\" aria-labelledby=\"elementor-tab-title-9562\"><p align=\"justify\"><strong>O\u00f9 trouver un praticien form\u00e9 \u00e0 la facilitation\u00a0?\u00a0<\/strong><\/p>\n<p align=\"justify\">CF-Romandie tient \u00e0 jour et met \u00e0 disposition une liste de facilitants\/es exp\u00e9riment\u00e9s\/\u00e9es (\u00e9tabli\/e\/s en Suisse romande\u00a0) ayant suivi le cursus de formation aupr\u00e8s de l\u2019Ecole Formaphanie.<\/p>\n<p align=\"left\">Cliquez <a href=\"https:\/\/www.cf-romandie.ch\/ncfrom\/communication_perso_famille\/praticiens_perso_famille\" target=\"_blank\" rel=\"noopener noreferrer\">ici<\/a> pour acc\u00e9der \u00e0 cette liste.<\/p>\n<p align=\"left\">Si vous ne trouvez pas le\/la facilitant\/e qui vous convient, vous pouvez nous adresser une <a href=\"https:\/\/www.cf-romandie.ch\/ncfrom\/nous-contacter\" target=\"_blank\" rel=\"noopener noreferrer\">demande<\/a>.<\/p><\/div>\n\t\t\t\t<\/div>\n\t\t\t\t\t\t\t\t<\/div>\n\t\t\t\t\t\t<\/div>\n\t\t\t\t<\/div>\n\t\t\t\t\t<\/div>\n\t\t<\/div>\n\t\t\t\t\t<\/div>\n\t\t<\/section>\n\t\t\t\t\t<\/div>\n\t\t<\/div>\n\t\t\t\t\t<\/div>\n\t\t<\/section>\n\t\t\t\t<\/div>\n\t\t","protected":false},"excerpt":{"rendered":"<p>Foire aux questions Home Foire aux questions Cette foire aux questions rassemble divers renseignements pratiques relatifs \u00e0 la communication en facilitation. Si vous souhaitez nous poser des questions plus pr\u00e9cises ou personnelles, ainsi que nous faire part de vos remarques, vous pouvez le faire par le biais du lien suivant\u00a0: Envoyer un message Le site [&hellip;]<\/p>\n","protected":false},"author":1,"featured_media":0,"parent":2529,"menu_order":0,"comment_status":"closed","ping_status":"closed","template":"","meta":{"_acf_changed":false,"footnotes":""},"class_list":["post-2880","page","type-page","status-publish","hentry"],"acf":[],"_links":{"self":[{"href":"https:\/\/www.cf-romandie.ch\/ncfrom\/wp-json\/wp\/v2\/pages\/2880","targetHints":{"allow":["GET"]}}],"collection":[{"href":"https:\/\/www.cf-romandie.ch\/ncfrom\/wp-json\/wp\/v2\/pages"}],"about":[{"href":"https:\/\/www.cf-romandie.ch\/ncfrom\/wp-json\/wp\/v2\/types\/page"}],"author":[{"embeddable":true,"href":"https:\/\/www.cf-romandie.ch\/ncfrom\/wp-json\/wp\/v2\/users\/1"}],"replies":[{"embeddable":true,"href":"https:\/\/www.cf-romandie.ch\/ncfrom\/wp-json\/wp\/v2\/comments?post=2880"}],"version-history":[{"count":32,"href":"https:\/\/www.cf-romandie.ch\/ncfrom\/wp-json\/wp\/v2\/pages\/2880\/revisions"}],"predecessor-version":[{"id":11242,"href":"https:\/\/www.cf-romandie.ch\/ncfrom\/wp-json\/wp\/v2\/pages\/2880\/revisions\/11242"}],"up":[{"embeddable":true,"href":"https:\/\/www.cf-romandie.ch\/ncfrom\/wp-json\/wp\/v2\/pages\/2529"}],"wp:attachment":[{"href":"https:\/\/www.cf-romandie.ch\/ncfrom\/wp-json\/wp\/v2\/media?parent=2880"}],"curies":[{"name":"wp","href":"https:\/\/api.w.org\/{rel}","templated":true}]}}